{"id":4343,"date":"2017-11-02T18:43:23","date_gmt":"2017-11-02T16:43:23","guid":{"rendered":"http:\/\/www.zusjcbb.sk\/?page_id=4343"},"modified":"2018-10-10T18:26:42","modified_gmt":"2018-10-10T16:26:42","slug":"uspechy-2017-2018","status":"publish","type":"page","link":"https:\/\/www.zusjcbb.sk\/?page_id=4343","title":{"rendered":"\u00daspechy 2017 \/ 2018"},"content":{"rendered":"<h3 style=\"text-align: center;\">*<\/h3>\n<h3 style=\"text-align: center;\"><span style=\"color: #000080;\"><a style=\"color: #000080;\" href=\"https:\/\/www.zusjcbb.sk\/?page_id=5362\">odkaz na \u00faspechy v novom \u0161kolskom roku 2018 \/ 2019<\/a><\/span><\/h3>\n<p style=\"text-align: center;\">*<\/p>\n<p>&nbsp;<\/p>\n<p>Celoslovensk\u00fd vzdel\u00e1vac\u00ed program Gal\u00e9rie mesta Bratislavy \u201eUmenie zbl\u00edzka 2018\u201c, Bratislava<\/p>\n<p><strong><strong>Nat\u00e1lia Dol\u0148anov\u00e1, R\u00fat Ko\u010d\u00edkov\u00e1, Simona Strme\u0148ov\u00e1 \u2013 ocenen\u00e1 pr\u00e1ca ur\u010den\u00e1 na v\u00fdstavu<\/strong><\/strong><\/p>\n<p><strong><strong>pedagogick\u00e9 vedenie \u2013 Mgr. Jozef\u00edna Krn\u00e1\u010dov\u00e1<\/strong><\/strong><\/p>\n<p><strong><strong>Ema Le\u00f3n, Olivia Le\u00f3n \u2013 ocenen\u00e1 pr\u00e1ca ur\u010den\u00e1 na v\u00fdstavu<\/strong><\/strong><\/p>\n<p><strong><strong>pedagogick\u00e9 vedenie \u2013 Mgr. Adri\u00e1na Kosceln\u00edkov\u00e1, PhD.<\/strong><\/strong><\/p>\n<p><strong><strong>Alica Kopeck\u00e1 \u2013 ocenen\u00e1 pr\u00e1ca publikovan\u00e1 v\u00a0katal\u00f3gu<\/strong><\/strong><\/p>\n<p><strong><strong>Tereza Li\u010dkov\u00e1 \u2013 ocenen\u00e1 pr\u00e1ca publikovan\u00e1 v\u00a0katal\u00f3gu<\/strong><\/strong><\/p>\n<p><strong><strong>Alexandra Kameschov\u00e1, Johana Li\u010dkov\u00e1, Nat\u00e1lia Vere\u0161ov\u00e1 &#8211; ocenen\u00e1 pr\u00e1ca publikovan\u00e1 v\u00a0katal\u00f3gu<\/strong><\/strong><\/p>\n<p><strong><strong>pedagogick\u00e9 vedenie \u2013 Mgr. Lucia Konfalov\u00e1<\/strong><\/strong><\/p>\n<p style=\"text-align: center;\"><strong><strong>*<\/strong><\/strong><\/p>\n<p>Medzin\u00e1rodn\u00fd festival pre spev\u00e1cke zbory \u201eBratislavsk\u00fd zborov\u00fd festival 2018\u201c, Bratislava<\/p>\n<p><span style=\"color: #000080;\"><a style=\"color: #000080;\" href=\"https:\/\/www.zusjcbb.sk\/wp-content\/uploads\/2018\/06\/Dolce-Canto-Zlato-Bratislava-2018.jpg\"><strong><strong>Diev\u010densk\u00fd spev\u00e1cky zbor Dolce Canto \u2013 Zlat\u00e9 p\u00e1smo<\/strong><\/strong><\/a><\/span><\/p>\n<p><strong><strong>dirigent a umeleck\u00fd ved\u00faci \u2013 Mgr. art. Martin Ka\u0161\u0161a, DiS. art.<\/strong><\/strong><\/p>\n<p style=\"text-align: center;\"><strong><strong>*<\/strong><\/strong><\/p>\n<p>Celoslovensk\u00e1 s\u00fa\u0165a\u017e v\u00a0komornej hre na gitaru \u201eHandlovsk\u00e9 gitary 2018\u201c, Handlov\u00e1<\/p>\n<p><span style=\"color: #000080;\"><a style=\"color: #000080;\" href=\"https:\/\/www.zusjcbb.sk\/wp-content\/uploads\/2018\/06\/Adam-Bulla-a-Marek-Mach\u00e1\u010d-1-miesto-Handlov\u00e1-2018.jpg\"><strong><strong>Marek Mach\u00e1\u010d a\u00a0Adam Bulla \u2013 1. miesto<\/strong><\/strong><\/a><\/span><\/p>\n<p><strong><strong>pedagogick\u00e9 vedenie \u2013 Mgr. Miroslav Gregu\u0161ka<\/strong><\/strong><\/p>\n<p style=\"text-align: center;\"><strong><strong>*<\/strong><\/strong><\/p>\n<p>46. ro\u010dn\u00edk Medzin\u00e1rodnej v\u00fdtvarnej s\u00fa\u0165a\u017ee Lidice2018, Lidice (\u010cR)<\/p>\n<p><strong><strong>Anna Reh\u00e1kov\u00e1 \u2013 \u010destn\u00e9 uznanie<\/strong><\/strong><\/p>\n<p><strong><strong>Zuzana Luk\u00e1\u010dov\u00e1 \u2013 \u010destn\u00e9 uznanie<\/strong><\/strong><\/p>\n<p><strong><strong>pedagogick\u00e9 vedenie \u2013 Mgr. Jozef\u00edna Krn\u00e1\u010dov\u00e1<\/strong><\/strong><\/p>\n<p style=\"text-align: center;\"><strong><strong>*<\/strong><\/strong><\/p>\n<p>Festivalov\u00e1 rada FKH \u010cadca 2018, gitarov\u00e9 zoskupenia<\/p>\n<p><span style=\"color: #000080;\"><a style=\"color: #000080;\" href=\"https:\/\/www.zusjcbb.sk\/wp-content\/uploads\/2018\/06\/Marek-Mach\u00e1\u010d-a-Adam-Bulla-zlato-\u010cadca-2018.jpg\"><strong><strong>Marek Mach\u00e1\u010d a\u00a0Adam Bulla \u2013 zlat\u00e9 p\u00e1smo<\/strong><\/strong><\/a><\/span><\/p>\n<p><strong><strong>pedagogick\u00e9 vedenie \u2013 Mgr. Miroslav Gregu\u0161ka<\/strong><\/strong><\/p>\n<p style=\"text-align: center;\"><strong><strong>*<\/strong><\/strong><\/p>\n<p>V\u00fdtvarn\u00e1 s\u00fa\u0165a\u017e \u201eMoje miesto pre \u017eivot\u201c Verejn\u00e1 Kni\u017enica M. Kov\u00e1\u010da, Bansk\u00e1 Bystrica<\/p>\n<p><strong><strong>Romana Habalov\u00e1 \u2013 3. miesto<\/strong><\/strong><\/p>\n<p><strong><strong>pedagogick\u00e9 vedenie \u2013 Mgr. Jozef\u00edna Krn\u00e1\u010dov\u00e1<\/strong><\/strong><\/p>\n<p style=\"text-align: center;\"><strong><strong>*<\/strong><\/strong><\/p>\n<p>Medzin\u00e1rodn\u00e1 detsk\u00e1 v\u00fdtvarn\u00e1 s\u00fa\u0165a\u017e \u201eZlat\u00fd drak 2018\u201c, Liptovsk\u00e1 \u0160tiavnica<\/p>\n<p><strong><strong>Sofia Feketeov\u00e1 \u2013 Diplom <\/strong><\/strong><\/p>\n<p><strong><strong>Nela Ham\u0161\u00edkov\u00e1 \u2013 \u010cestn\u00e9 uznanie<\/strong><\/strong><\/p>\n<p><strong><strong>pedagogick\u00e9 vedenie \u2013 Mgr. Adri\u00e1na Kosceln\u00edkov\u00e1, PhD.<\/strong><\/strong><\/p>\n<p style=\"text-align: center;\"><strong><strong>*<\/strong><\/strong><\/p>\n<p>Krajsk\u00e9 kolo s\u00fa\u0165a\u017ee v\u00a0umeleckom prednese po\u00e9zie a\u00a0pr\u00f3zy Sl\u00e1dkovi\u010dova Radva\u0148 2018<\/p>\n<p><strong><strong>Laura Kladiv\u00edkov\u00e1 \u2013 Cena odbornej poroty<\/strong><\/strong><\/p>\n<p><strong><strong>pedagogick\u00e9 vedenie \u2013 Mgr. art. Veronika Fekia\u010dov\u00e1<\/strong><\/strong><\/p>\n<p style=\"text-align: center;\"><strong><strong>*<\/strong><\/strong><\/p>\n<p>Celoslovensk\u00e1 klav\u00edrna s\u00fa\u0165a\u017e modernej \u2013 popul\u00e1rnej hudby \u201ePiano v\u00a0modernom rytme 2018\u201c, Bojnice<\/p>\n<p><strong><strong>Luk\u00e1\u0161 G\u00e1borik \u2013 bronzov\u00e9 p\u00e1smo<\/strong><\/strong><\/p>\n<p><strong><strong>pedagogick\u00e9 vedenie \u2013 Ren\u00e1ta Jel\u00ednkov\u00e1, DiS. art.<\/strong><\/strong><\/p>\n<p style=\"text-align: center;\"><strong><strong>*<\/strong><\/strong><\/p>\n<p>Celoslovensk\u00e1 s\u00fa\u0165a\u017e v\u00a0s\u00f3lovom speve popul\u00e1rnej piesne \u201eBojnick\u00e1 Perla 2018\u201c, Bojnice<\/p>\n<p><span style=\"color: #000080;\"><a style=\"color: #000080;\" href=\"https:\/\/www.zusjcbb.sk\/wp-content\/uploads\/2018\/05\/Diana-N\u00e1tanov\u00e1-striebro-Bojnick\u00e1-Perla-2018.jpg\"><strong><strong>Diana N\u00e1tanov\u00e1 \u2013 strieborn\u00e9 p\u00e1smo<\/strong><\/strong><\/a><\/span><\/p>\n<p><strong><strong>pedagogick\u00e9 vedenie \u2013 Mgr. art. Miroslava Mi\u010dicov\u00e1<\/strong><\/strong><\/p>\n<p style=\"text-align: center;\"><strong><strong>*<\/strong><\/strong><\/p>\n<p>Celoslovensk\u00e1 s\u00fa\u0165a\u017en\u00e1 prehliadka s\u00f3lovej hry na cimbale \u201eCimbalov\u00fd Pre\u0161porok\u201c, Bratislava<\/p>\n<p><span style=\"color: #000080;\"><a style=\"color: #000080;\" href=\"https:\/\/www.zusjcbb.sk\/wp-content\/uploads\/2018\/05\/Zuzana-Pe\u0165kov\u00e1-zlato-Cimbalov\u00fd-Pre\u0161porok-2018.jpg\"><strong><strong>Zuzana Pe\u0165kov\u00e1 \u2013 zlat\u00e9 p\u00e1smo<\/strong><\/strong><\/a><\/span><\/p>\n<p><span style=\"color: #000080;\"><a style=\"color: #000080;\" href=\"https:\/\/www.zusjcbb.sk\/wp-content\/uploads\/2018\/05\/Ema-Ben\u010da\u0165ov\u00e1-zlato-Cimbalov\u00fd-Pre\u0161porok-2018.jpg\"><strong><strong>Ema Ben\u010da\u0165ov\u00e1 \u2013 zlat\u00e9 p\u00e1smo<\/strong><\/strong><\/a><\/span><\/p>\n<p><strong><strong>pedagogick\u00e9 vedenie \u2013 Margita Chup\u00e1\u010dov\u00e1<\/strong><\/strong><\/p>\n<p><strong><strong>klav\u00edrna spolupr\u00e1ca \u2013 Mgr. art. Peter Sochu\u013e\u00e1k<\/strong><\/strong><\/p>\n<p><span style=\"color: #000080;\"><a style=\"color: #000080;\" href=\"https:\/\/www.zusjcbb.sk\/wp-content\/uploads\/2018\/05\/Andrej-Miklo\u0161\u00edk-striebro-Cimbalov\u00fd-Pre\u0161porok-2018.jpg\"><strong><strong>Andrej Miklo\u0161\u00edk \u2013 strieborn\u00e9 p\u00e1smo<\/strong><\/strong><\/a><\/span><\/p>\n<p><span style=\"color: #000080;\"><a style=\"color: #000080;\" href=\"https:\/\/www.zusjcbb.sk\/wp-content\/uploads\/2018\/05\/Barbora-\u00daporsk\u00e1-bronz-Cimbalov\u00fd-Pre\u0161porok-2018.jpg\"><strong><strong>Barbora \u00daporsk\u00e1 \u2013 bronzov\u00e9 p\u00e1smo<\/strong><\/strong><\/a><\/span><\/p>\n<p><strong><strong>pedagogick\u00e9 vedenie \u2013 Mgr. art. J\u00e1n \u0160ufliarsk\u00fd<\/strong><\/strong><\/p>\n<p><strong><strong>klav\u00edrna spolupr\u00e1ca \u2013 Mgr. art. Peter Sochu\u013e\u00e1k<\/strong><\/strong><\/p>\n<p style=\"text-align: center;\"><strong><strong>*<\/strong><\/strong><\/p>\n<p>Celoslovensk\u00e1 s\u00fa\u0165a\u017e v\u00a0hre na sl\u00e1\u010dikov\u00fdch n\u00e1strojoch \u201eDetvianska zlat\u00e1 struna\u201c, Detva<\/p>\n<p><span style=\"color: #000080;\"><a style=\"color: #000080;\" href=\"https:\/\/www.zusjcbb.sk\/wp-content\/uploads\/2018\/05\/S\u00e1ra-Chrastinov\u00e1-striebro-Detva-2018.jpg\"><strong><strong>S\u00e1ra Chrastinov\u00e1 \u2013 strieborn\u00e9 p\u00e1smo<\/strong><\/strong><\/a><\/span><\/p>\n<p><span style=\"color: #000080;\"><a style=\"color: #000080;\" href=\"https:\/\/www.zusjcbb.sk\/wp-content\/uploads\/2018\/05\/Hanka-Hajkovsk\u00e1-striebro-Detva-2018.jpg\"><strong><strong>Hanka Hajkovsk\u00e1 \u2013 strieborn\u00e9 p\u00e1smo<\/strong><\/strong><\/a><\/span><\/p>\n<p><strong><strong>pedagogick\u00e9 vedenie \u2013 Mgr. Stanislava Mar\u00e1kov\u00e1, DiS. art.<\/strong><\/strong><\/p>\n<p><strong><strong>klav\u00edrna spolupr\u00e1ca \u2013 Mgr. Anna Turzov\u00e1, DiS. art.<\/strong><\/strong><\/p>\n<p><span style=\"color: #000080;\"><a style=\"color: #000080;\" href=\"https:\/\/www.zusjcbb.sk\/wp-content\/uploads\/2018\/05\/Ivan-Prievalsk\u00fd-zlato-Detva-2018.jpg\"><strong><strong>Ivan Prievalsk\u00fd \u2013 zlat\u00e9 p\u00e1smo<\/strong><\/strong><\/a><\/span><\/p>\n<p><strong><strong><span style=\"color: #000080;\"><a style=\"color: #000080;\" href=\"https:\/\/www.zusjcbb.sk\/wp-content\/uploads\/2018\/05\/Miriam-Minkov\u00e1-zlato-Detva-2018.jpg\">Miriam Minkov\u00e1 \u2013 zlat\u00e9 p\u00e1smo<\/a><\/span> a\u00a0<span style=\"color: #000080;\"><a style=\"color: #000080;\" href=\"https:\/\/www.zusjcbb.sk\/wp-content\/uploads\/2018\/05\/Miriam-Minkov\u00e1-absol\u00fatny-v\u00ed\u0165az-7-kateg\u00f3rie-Detva-2018.jpg\">v\u00ed\u0165az kateg\u00f3rie<\/a><\/span><\/strong><\/strong><\/p>\n<p><span style=\"color: #000080;\"><a style=\"color: #000080;\" href=\"https:\/\/www.zusjcbb.sk\/wp-content\/uploads\/2018\/05\/Miriam-Minkov\u00e1-Vratko-Hossa-zlato-Detva-2018.jpg\"><strong><strong>Miriam Minkov\u00e1 a Vratko Hossa komorn\u00e1 hra \u2013 zlat\u00e9 p\u00e1smo<\/strong><\/strong><\/a><\/span><\/p>\n<p><strong><strong>pedagogick\u00e9 vedenie \u2013 Mgr. art. Evgenia Prievalsk\u00e1<\/strong><\/strong><\/p>\n<p><strong><strong>klav\u00edrna spolupr\u00e1ca \u2013 Mgr. art. Nat\u00e1lia Serdyukov\u00e1<\/strong><\/strong><\/p>\n<p style=\"text-align: center;\"><strong><strong>*<\/strong><\/strong><\/p>\n<p>Celoslovensk\u00e1 v\u00fdtvarn\u00e1 s\u00fa\u0165a\u017e \u0160tef\u00e1nikove cesty za poznan\u00edm, Lu\u010denec<\/p>\n<p><strong><strong>Elizabeth \u010caneck\u00e1 \u2013 ocenen\u00e1 pr\u00e1ca<\/strong><\/strong><\/p>\n<p><strong><strong>pedagogick\u00e9 vedenie \u2013 Mgr. Sandra Popa\u010f\u00e1kov\u00e1<\/strong><\/strong><\/p>\n<p style=\"text-align: center;\"><strong><strong>*<\/strong><\/strong><\/p>\n<p>Medzin\u00e1rodn\u00e1 klav\u00edrna s\u00fa\u0165a\u017e \u201eTalenty pre Eur\u00f3pu\u201c Doln\u00fd Kub\u00edn 2018<\/p>\n<p><span style=\"color: #000080;\"><a style=\"color: #000080;\" href=\"https:\/\/www.zusjcbb.sk\/wp-content\/uploads\/2018\/05\/Filip-Prievalsk\u00fd-5-miesto-Talenty-pre-Eur\u00f3pu-2018.jpg\"><strong><strong>Filip Prievalsk\u00fd \u2013 5. miesto<\/strong><\/strong><\/a><\/span><\/p>\n<p><strong><strong>\u017dofia Viga\u0161ov\u00e1 \u2013 \u010cestn\u00e9 uznanie<\/strong><\/strong><\/p>\n<p><strong><strong>pedagogick\u00e9 vedenie \u2013 Mgr. art. Nat\u00e1lia Serdyukov\u00e1<\/strong><\/strong><\/p>\n<p style=\"text-align: center;\"><strong><strong>*<\/strong><\/strong><\/p>\n<p>Celoslovensk\u00e1 s\u00fa\u0165a\u017en\u00e1 prehliadka v\u00fdtvarn\u00fdch pr\u00e1c det\u00ed a\u00a0ml\u00e1de\u017ee \u201eMal\u00e9 grafick\u00e9 formy\u201c Vr\u00fatky 2018<\/p>\n<p><strong><strong>Samuel Ferenc \u2013 Mimoriadna cena<\/strong><\/strong><\/p>\n<p><strong><strong>pedagogick\u00e9 vedenie \u2013 Mgr. Jozef\u00edna Krn\u00e1\u010dov\u00e1<\/strong><\/strong><\/p>\n<p><strong><strong>Tereza Oravcov\u00e1 \u2013 1. miesto<\/strong><\/strong><\/p>\n<p><strong><strong>pedagogick\u00e9 vedenie \u2013 Mgr. Sandra Popa\u010f\u00e1kov\u00e1<\/strong><\/strong><\/p>\n<p style=\"text-align: center;\"><strong><strong>*<\/strong><\/strong><\/p>\n<p>Celoslovensk\u00e1 s\u00fa\u0165a\u017e v\u00a0hre na viole \u201eTalenty pre Slovensko\u201c, Doln\u00fd Kub\u00edn<\/p>\n<p><span style=\"color: #000080;\"><a style=\"color: #000080;\" href=\"https:\/\/www.zusjcbb.sk\/wp-content\/uploads\/2018\/05\/Stra\u010dina-Franti\u0161ek-striebro-Doln\u00fd-Kub\u00edn-2018.jpg\"><strong><strong>Franti\u0161ek Stra\u010dina \u2013 strieborn\u00e9 p\u00e1smo<\/strong><\/strong><\/a><\/span><\/p>\n<p><strong><strong>pedagogick\u00e9 vedenie \u2013 Mgr. art. Du\u0161an Radi\u010d<\/strong><\/strong><\/p>\n<p><strong><strong>klav\u00edrna spolupr\u00e1ca \u2013 Mgr. et Mgr. art. Anna Burdov\u00e1, PhD.<\/strong><\/strong><\/p>\n<p style=\"text-align: center;\"><strong><strong>*<\/strong><\/strong><\/p>\n<p>S\u00fa\u0165a\u017en\u00e1 postupov\u00e1 prehliadka Divadla Mlad\u00fdch, Rev\u00faca<\/p>\n<p><span style=\"color: #000080;\"><a style=\"color: #000080;\" href=\"https:\/\/www.zusjcbb.sk\/wp-content\/uploads\/2018\/06\/Divadlo-ZU\u0160-JC-zlato-a-1-miesto-Zochova-divadeln\u00e1-Rev\u00faca-2018.jpg\"><strong><strong>Divadlo ZU\u0160 J. Cikkera za inscen\u00e1ciu: Obr\u00e1zky nesmrte\u013enej mladosti \u2013 1. miesto a\u00a0postup<\/strong><\/strong><\/a><\/span><\/p>\n<p><strong><strong>Juraj Bolf, Zuzana Zau\u0161kov\u00e1, Richard Ma\u013ea, Tereza Schmidtov\u00e1, Lujza Kal\u010dokov\u00e1, \u013dudov\u00edt Balog, Laura Kladiv\u00edkov\u00e1, Jakub Daxner<\/strong><\/strong><\/p>\n<p><strong><strong>pedagogick\u00e9 vedenie \u2013 Mgr. art. Boris Kov\u00e1\u010d<\/strong><\/strong><\/p>\n<p style=\"text-align: center;\"><strong><strong>*<\/strong><\/strong><\/p>\n<p>Celoslovensk\u00e1 klav\u00edrna s\u00fa\u0165a\u017en\u00e1 prehliadka \u201eHviezdy hraj\u00fa srdcom\u201c, Ru\u017eomberok<\/p>\n<p><strong><strong>Sophia Helena Sedl\u00e1\u010dkov\u00e1 \u2013 zlat\u00e9 p\u00e1smo<\/strong><\/strong><\/p>\n<p><strong><strong>Tobias Staudinger \u2013 strieborn\u00e9 p\u00e1smo<\/strong><\/strong><\/p>\n<p><strong><strong>pedagogick\u00e9 vedenie \u2013 Mgr. Monika Zemkov\u00e1<\/strong><\/strong><\/p>\n<p style=\"text-align: center;\"><strong><strong>*<\/strong><\/strong><\/p>\n<p>Detsk\u00fd umeleck\u00fd festival J\u00e1na Cikkera, \u010das\u0165 detsk\u00fd hudobn\u00fd festival &#8211; DIS v\u00a0s\u00f3lovej hre na akorde\u00f3ne v\u00a0Banskej Bystrici<\/p>\n<p><strong><strong><span style=\"color: #000080;\"><a style=\"color: #000080;\" href=\"https:\/\/www.zusjcbb.sk\/wp-content\/uploads\/2018\/05\/Jakub-Mali\u0161ka-Zlato-DIS-J\u00e1na-Cikkera-2018.jpg\">Jakub Mali\u0161ka \u2013 zlat\u00e9 p\u00e1smo<\/a><\/span>,\u00a0<span style=\"color: #000080;\"><a style=\"color: #000080;\" href=\"https:\/\/www.zusjcbb.sk\/wp-content\/uploads\/2018\/05\/Jakub-Mali\u0161ka-Cena-Prim\u00e1tora-mesta.jpg\">Cena prim\u00e1tora mesta Bansk\u00e1 Bystrica<\/a><\/span>,\u00a0<span style=\"color: #000080;\"><a style=\"color: #000080;\" href=\"https:\/\/www.zusjcbb.sk\/wp-content\/uploads\/2018\/05\/Jakub-Mali\u0161ka-Titul-Laure\u00e1t-DIS-J\u00e1na-Cikkera-2018.jpg\">Titul Laure\u00e1t s\u00fa\u0165a\u017ee<\/a><\/span> a <span style=\"color: #000080;\"><a style=\"color: #000080;\" href=\"https:\/\/www.zusjcbb.sk\/wp-content\/uploads\/2018\/05\/Jakub-Mali\u0161ka-Cena-IUCA.jpg\">Cenu IUCA (International Union of Concert Accordionists)<\/a><\/span><\/strong><\/strong><\/p>\n<p><span style=\"color: #000080;\"><a style=\"color: #000080;\" href=\"https:\/\/www.zusjcbb.sk\/wp-content\/uploads\/2018\/05\/Richard-Kute\u0161-zlato-DIS-J\u00e1na-Cikkera-2018.jpg\"><strong><strong>Richard Kute\u0161 \u2013 zlat\u00e9 p\u00e1smo<\/strong><\/strong><\/a><\/span><\/p>\n<p><strong><strong>pedagogick\u00e9 vedenie \u2013 Zdenka Neme\u0161ov\u00e1, DiS. art. &#8211; Diplom za \u00faspe\u0161n\u00fa pedagogick\u00fa pr\u00edpravu Laure\u00e1ta a Diplom za \u00faspe\u0161n\u00fa pedagogick\u00fa pr\u00edpravu \u017eiakov<\/strong><\/strong><\/p>\n<p><strong><strong>Maro\u0161 Kro\u010dka \u2013 zlat\u00e9 p\u00e1smo<\/strong><\/strong><\/p>\n<p><strong><strong>Mat\u00fa\u0161 Mes\u00e1ro\u0161 \u2013 bronzov\u00e9 p\u00e1smo<\/strong><\/strong><\/p>\n<p><strong><strong>pedagogick\u00e9 vedenie \u2013 Mgr. art. Eva Faklov\u00e1<\/strong><\/strong><\/p>\n<p style=\"text-align: center;\"><strong><strong>*<\/strong><\/strong><\/p>\n<p>S\u00fa\u0165a\u017e v\u00a0s\u00f3lovom klasickom a\u00a0s\u00f3lovom popul\u00e1rnom speve Pink Song 2018, Zvolen<\/p>\n<p><strong><strong><span style=\"color: #000080;\"><a style=\"color: #000080;\" href=\"https:\/\/www.zusjcbb.sk\/wp-content\/uploads\/2018\/04\/Sofia-Raj\u0161i\u010d-zlato-Pink-Song-Zvolen-2018.jpg\">Sofia Raj\u0161i\u010d \u2013 zlat\u00e9 p\u00e1smo<\/a><\/span> a\u00a0<span style=\"color: #000080;\"><a style=\"color: #000080;\" href=\"https:\/\/www.zusjcbb.sk\/wp-content\/uploads\/2018\/04\/Sofia-Raj\u0161i\u010d-Absol\u00fatny-v\u00ed\u0165az-Pink-Song-Zvolen-2018.jpg\">Absol\u00fatny v\u00ed\u0165az s\u00fa\u0165a\u017ee<\/a><\/span><\/strong><\/strong><\/p>\n<p><strong><strong>gitarov\u00fd sprievod \u2013 Kristi\u00e1n Bornay *<\/strong><\/strong><\/p>\n<p><span style=\"color: #000080;\"><a style=\"color: #000080;\" href=\"https:\/\/www.zusjcbb.sk\/wp-content\/uploads\/2018\/04\/Sofia-Linkov\u00e1-striebro-Pink-Song-Zvolen-2018.jpg\"><strong><strong>Sofia Linkov\u00e1 \u2013 strieborn\u00e9 p\u00e1smo<\/strong><\/strong><\/a><\/span><\/p>\n<p><strong><strong>Adri\u00e1n Ko\u017eiak \u2013 strieborn\u00e9 p\u00e1smo<\/strong><\/strong><\/p>\n<p><strong><strong>pedagogick\u00e9 vedenie \u2013 Mgr. art. M\u00e1ria Ne\u010desan\u00e1, PhD.<\/strong><\/strong><\/p>\n<p><strong><strong>* pedagogick\u00e9 vedenie \u2013 Bohu\u0161 B\u00ednovsk\u00fd<\/strong><\/strong><\/p>\n<p><strong><strong>klav\u00edrna spolupr\u00e1ca \u2013 Mgr. art. Zuzana Sochu\u013e\u00e1kov\u00e1<\/strong><\/strong><\/p>\n<p><span style=\"color: #000080;\"><a style=\"color: #000080;\" href=\"https:\/\/www.zusjcbb.sk\/wp-content\/uploads\/2018\/05\/Ema-Ko\u0161tialov\u00e1-striebro-Pink-Song-Zvolen-2018.jpg\"><strong><strong>Ema Ko\u0161tialov\u00e1 \u2013 strieborn\u00e9 p\u00e1smo<\/strong><\/strong><\/a><\/span><\/p>\n<p><span style=\"color: #000080;\"><a style=\"color: #000080;\" href=\"https:\/\/www.zusjcbb.sk\/wp-content\/uploads\/2018\/05\/Krist\u00edna-Ko\u0161tialov\u00e1-bronz-Pink-Song-Zvolen-2018.jpg\"><strong><strong>Krist\u00edna Ko\u0161tialov\u00e1 \u2013 bronzov\u00e9 p\u00e1smo<\/strong><\/strong><\/a><\/span><\/p>\n<p><strong><strong>pedagogick\u00e9 vedenie \u2013 Mgr. art. Miroslava Mi\u010dicov\u00e1<\/strong><\/strong><\/p>\n<p><strong><strong>klav\u00edrna spolupr\u00e1ca \u2013 Mgr. art. Zuzana Sochu\u013e\u00e1kov\u00e1<\/strong><\/strong><\/p>\n<p><strong><strong>Ter\u00e9zia Ballekov\u00e1 \u2013 bronzov\u00e9 p\u00e1smo<\/strong><\/strong><\/p>\n<p><strong><strong>Tereza Hol\u00edkov\u00e1 \u2013 bronzov\u00e9 p\u00e1smo<\/strong><\/strong><\/p>\n<p><strong><strong>pedagogick\u00e9 vedenie \u2013 Bc. Anna Ciganocov\u00e1, DiS. art.<\/strong><\/strong><\/p>\n<p><strong><strong>klav\u00edrna spolupr\u00e1ca \u2013 Mgr. et Mgr. art. Anna Burdov\u00e1, PhD.<\/strong><\/strong><\/p>\n<p style=\"text-align: center;\"><strong><strong>*<\/strong><\/strong><\/p>\n<p>Celoslovensk\u00e1 s\u00fa\u0165a\u017e v\u00a0hre na husliach \u201eHudobn\u00e1 biela Orava\u201c, N\u00e1mestovo<\/p>\n<p><span style=\"color: #000080;\"><a style=\"color: #000080;\" href=\"https:\/\/www.zusjcbb.sk\/wp-content\/uploads\/2018\/05\/S\u00e1ra-Chrastinov\u00e1-2-miesto-N\u00e1mestovo-2018.jpg\"><strong><strong>S\u00e1ra Chrastinov\u00e1 \u2013 2. miesto<\/strong><\/strong><\/a><\/span><\/p>\n<p><strong><strong>pedagogick\u00e9 vedenie \u2013 Mgr. Stanislava Mar\u00e1kov\u00e1, DiS. art.<\/strong><\/strong><\/p>\n<p><strong><strong>klav\u00edrna spolupr\u00e1ca \u2013 Mgr. Anna Turzov\u00e1, DiS. art.<\/strong><\/strong><\/p>\n<p><span style=\"color: #000080;\"><a style=\"color: #000080;\" href=\"https:\/\/www.zusjcbb.sk\/wp-content\/uploads\/2018\/05\/Samuel-Minka-2-miesto-Hudobn\u00e1-biela-Orava-2018.jpg\"><strong><strong>Samuel Minka \u2013 3. miesto<\/strong><\/strong><\/a><\/span><\/p>\n<p><span style=\"color: #000080;\"><a style=\"color: #000080;\" href=\"https:\/\/www.zusjcbb.sk\/wp-content\/uploads\/2018\/04\/Miriam-Minkov\u00e1-1-miesto-N\u00e1mestovo-2018.jpg\"><strong><strong>Miriam Minkov\u00e1 \u2013 1. miesto<\/strong><\/strong><\/a><\/span><\/p>\n<p><strong><strong>pedagogick\u00e9 vedenie \u2013 Mgr. art. Evgenia Prievalsk\u00e1<\/strong><\/strong><\/p>\n<p><strong><strong>klav\u00edrna spolupr\u00e1ca \u2013 Mgr. art. Nat\u00e1lia Serdyukov\u00e1<\/strong><\/strong><\/p>\n<p style=\"text-align: center;\"><strong><strong>*<\/strong><\/strong><\/p>\n<p>Celoslovensk\u00e1 s\u00fa\u0165a\u017e v\u00a0hre na klav\u00edri \u201eHudobn\u00e1 biela Orava\u201c, N\u00e1mestovo<\/p>\n<p><strong><strong>Diana Mur\u00ednov\u00e1 \u2013 3. miesto<\/strong><\/strong><\/p>\n<p><strong><strong>pedagogick\u00e9 vedenie \u2013 Eva Sl\u00e1vikov\u00e1, DiS. art.<\/strong><\/strong><\/p>\n<p><strong><strong>S\u00e1ra Minkov\u00e1 \u2013 3. miesto<\/strong><\/strong><\/p>\n<p><span style=\"color: #000080;\"><a style=\"color: #000080;\" href=\"https:\/\/www.zusjcbb.sk\/wp-content\/uploads\/2018\/05\/Filip-Prievalsk\u00fd-3-miesto-Hudobn\u00e1-biela-Orava-2018.jpg\"><strong><strong>Filip Prievalsk\u00fd \u2013 3. miesto<\/strong><\/strong><\/a><\/span><\/p>\n<p><strong><strong>\u017dofia Viga\u0161ov\u00e1 \u2013 2. miesto<\/strong><\/strong><\/p>\n<p><strong><strong>pedagogick\u00e9 vedenie \u2013 Mgr. art. Nat\u00e1lia Serdyukov\u00e1<\/strong><\/strong><\/p>\n<p style=\"text-align: center;\"><strong><strong>*<\/strong><\/strong><\/p>\n<p>Celoslovensk\u00e1 s\u00fa\u0165a\u017e v\u00a0hre na akorde\u00f3ne \u201eHudobn\u00e1 biela Orava\u201c, N\u00e1mestovo<\/p>\n<p><strong><strong><span style=\"color: #000080;\"><a style=\"color: #000080;\" href=\"https:\/\/www.zusjcbb.sk\/wp-content\/uploads\/2018\/04\/Lenka-Hrob\u00e1kov\u00e1-1-miesto-N\u00e1mestovo-2018.jpg\">Lenka Hrob\u00e1kov\u00e1 \u2013 1. miesto<\/a><\/span> a\u00a0<span style=\"color: #000080;\"><a style=\"color: #000080;\" href=\"https:\/\/www.zusjcbb.sk\/wp-content\/uploads\/2018\/04\/Lenka-Hrob\u00e1kov\u00e1-V\u00ed\u0165az-kateg\u00f3rie-N\u00e1mestovo-2018.jpg\">V\u00ed\u0165az kateg\u00f3rie<\/a><\/span><\/strong><\/strong><\/p>\n<p><span style=\"color: #000080;\"><a style=\"color: #000080;\" href=\"https:\/\/www.zusjcbb.sk\/wp-content\/uploads\/2018\/04\/Richard-Kute\u0161-2-miesto-N\u00e1mestovo-2018.jpg\"><strong><strong>Richard Kute\u0161 \u2013 2. miesto<\/strong><\/strong><\/a><\/span><\/p>\n<p><strong><strong>pedagogick\u00e9 vedenie \u2013 Zdenka Neme\u0161ov\u00e1, DiS. art.<\/strong><\/strong><\/p>\n<p style=\"text-align: center;\"><strong><strong>*<\/strong><\/strong><\/p>\n<p>Krajsk\u00e1 s\u00fa\u0165a\u017en\u00e1 prehliadka detskej dramatickej tvorivosti \u201eRozpr\u00e1vkov\u00e9 javisko2018\u201c \u017diar nad Hronom<\/p>\n<p><span style=\"color: #000080;\"><a style=\"color: #000080;\" href=\"https:\/\/www.zusjcbb.sk\/wp-content\/uploads\/2018\/06\/Divadlo-ZU\u0160-JC-striebro-Neposlu\u0161n\u00e9-deti-\u017diar-nad-Hronom-2018.jpg\"><strong><strong>Divadlo ZU\u0160 J\u00e1na Cikkera za inscen\u00e1ciu: Rozpr\u00e1vky pre neposlu\u0161n\u00e9 deti \u2013 strieborn\u00e9 p\u00e1smo<\/strong><\/strong><\/a><\/span><\/p>\n<p><strong><strong>Jakub Rie\u010dan, Adela Somorov\u00e1, Sarah Ol\u00e1hov\u00e1, Nat\u00e1lia Seleck\u00e1, Simona Vinc\u00edkov\u00e1, Sofia Pr\u00eddavkov\u00e1, Zuzana Jan\u010d\u00edkov\u00e1, Anna \u010cernov\u00e1, Michaela Poljovkov\u00e1, Boris Barina, Laura Sz\u00f6keov\u00e1<\/strong><\/strong><\/p>\n<p><strong><strong>pedagogick\u00e9 vedenie \u2013 Mgr. art. Boris Kov\u00e1\u010d<\/strong><\/strong><\/p>\n<p style=\"text-align: center;\"><strong><strong>*<\/strong><\/strong><\/p>\n<p>S\u00fa\u0165a\u017e v\u00a0prednese po\u00e9zie a pr\u00f3zy\u00a064. Hviezdoslavov Kub\u00edn, Region\u00e1lne kolo, B. Bystrica<\/p>\n<p><strong><strong>Laura Kladiv\u00edkov\u00e1 \u2013 1. miesto a\u00a0postup do Krajsk\u00e9ho kola<\/strong><\/strong><\/p>\n<p><strong><strong>Juraj Bolf \u2013 2. miesto<\/strong><\/strong><\/p>\n<p><strong><strong>Diana Hlav\u00e1\u010dov\u00e1 \u2013 2. miesto<\/strong><\/strong><\/p>\n<p><strong><strong>Richard Ma\u013ea \u2013 3. miesto<\/strong><\/strong><\/p>\n<p><strong><strong>pedagogick\u00e9 vedenie \u2013 Mgr. art. Veronika Fekia\u010dov\u00e1<\/strong><\/strong><\/p>\n<p style=\"text-align: center;\"><strong><strong>*<\/strong><\/strong><\/p>\n<p>Celoslovensk\u00e1 s\u00fa\u0165a\u017e v\u00a0hre na sl\u00e1\u010dikov\u00fdch n\u00e1strojoch v\u00a0Brezne<\/p>\n<p><span style=\"color: #000080;\"><a style=\"color: #000080;\" href=\"https:\/\/www.zusjcbb.sk\/wp-content\/uploads\/2018\/04\/Kl\u00e1ra-Kla\u010danov\u00e1-striebro-Brezno-2018.jpg\"><strong><strong>Kl\u00e1ra Kla\u010danov\u00e1 \u2013 strieborn\u00e9 p\u00e1smo<\/strong><\/strong><\/a><\/span><\/p>\n<p><span style=\"color: #000080;\"><a style=\"color: #000080;\" href=\"https:\/\/www.zusjcbb.sk\/wp-content\/uploads\/2018\/06\/Nat\u00e1lia-Nociarov\u00e1-bronz-Brezno-2018.jpg\"><strong><strong>Nat\u00e1lia Nociarov\u00e1 \u2013 bronzov\u00e9 p\u00e1smo<\/strong><\/strong><\/a><\/span><\/p>\n<p><strong><strong>pedagogick\u00e9 vedenie \u2013 Mgr. art. Milan Bern\u00e1t<\/strong><\/strong><\/p>\n<p><strong><strong>klav\u00edrna spolupr\u00e1ca \u2013 Mgr. art. Peter Sochu\u013e\u00e1k<\/strong><\/strong><\/p>\n<p><span style=\"color: #000080;\"><a style=\"color: #000080;\" href=\"https:\/\/www.zusjcbb.sk\/wp-content\/uploads\/2018\/04\/Sara-Chrastinova-zlato-Brezno-2018.jpg\"><strong><strong>S\u00e1ra Chrastinov\u00e1 \u2013 zlat\u00e9 p\u00e1smo<\/strong><\/strong><\/a><\/span><\/p>\n<p><span style=\"color: #000080;\"><a style=\"color: #000080;\" href=\"https:\/\/www.zusjcbb.sk\/wp-content\/uploads\/2018\/04\/Hanka-Hajkovska-bronz-Brezno-2018.jpg\"><strong><strong>Hanka Hajkovsk\u00e1 \u2013 bronzov\u00e9 p\u00e1smo<\/strong><\/strong><\/a><\/span><\/p>\n<p><strong><strong>pedagogick\u00e9 vedenie \u2013 Mgr. Stanislava Mar\u00e1kov\u00e1, DiS. art.<\/strong><\/strong><\/p>\n<p><strong><strong>klav\u00edrna spolupr\u00e1ca \u2013 Mgr. Anna Turzov\u00e1, DiS. art.<\/strong><\/strong><\/p>\n<p><span style=\"color: #000080;\"><a style=\"color: #000080;\" href=\"https:\/\/www.zusjcbb.sk\/wp-content\/uploads\/2018\/05\/Ivan-Prievalsk\u00fd-striebro-Brezno-2018.jpg\"><strong><strong>Ivan Prievalsk\u00fd \u2013 strieborn\u00e9 p\u00e1smo<\/strong><\/strong><\/a><\/span><\/p>\n<p><span style=\"color: #000080;\"><a style=\"color: #000080;\" href=\"https:\/\/www.zusjcbb.sk\/wp-content\/uploads\/2018\/05\/Samuel-Minka-zlato-Brezno-2018.jpg\"><strong><strong>Samuel Minka \u2013 zlat\u00e9 p\u00e1smo <\/strong><\/strong><\/a><\/span><\/p>\n<p><strong><strong>Vratko Hossa \u2013 strieborn\u00e9 p\u00e1smo<\/strong><\/strong><\/p>\n<p><strong><strong><span style=\"color: #000080;\"><a style=\"color: #000080;\" href=\"https:\/\/www.zusjcbb.sk\/wp-content\/uploads\/2018\/05\/Miriam-Minkov\u00e1-zlato-Brezno-2018.jpg\">Miriam Minkov\u00e1 \u2013 zlat\u00e9 p\u00e1smo<\/a><\/span> a <span style=\"color: #000080;\"><a style=\"color: #000080;\" href=\"https:\/\/www.zusjcbb.sk\/wp-content\/uploads\/2018\/05\/Miriam-Minkov\u00e1-Laure\u00e1t-Brezno-2018.jpg\">Titul Laure\u00e1t s\u00fa\u0165a\u017ee<\/a><\/span><\/strong><\/strong><\/p>\n<p><strong><strong>pedagogick\u00e9 vedenie \u2013 Mgr. art. Evgenia Prievalsk\u00e1<\/strong><\/strong><\/p>\n<p><strong><strong>klav\u00edrna spolupr\u00e1ca \u2013 Mgr. art. Nat\u00e1lia Serdyukov\u00e1<\/strong><\/strong><\/p>\n<p style=\"text-align: center;\"><strong><strong>*<\/strong><\/strong><\/p>\n<p>Celoslovensk\u00e1 s\u00fa\u0165a\u017e \u201eGal\u00e9ria talentov\u201c v\u00a0oblasti hudobn\u00fd n\u00e1stroj, Bansk\u00e1 Bystrica<\/p>\n<p><span style=\"color: #000080;\"><a style=\"color: #000080;\" href=\"https:\/\/www.zusjcbb.sk\/wp-content\/uploads\/2018\/04\/Jakub-Mali\u0161ka-1-miesto-Gal\u00e9ria-talentov.jpg\"><strong><strong>Jakub Mali\u0161ka \u2013 1. miesto<\/strong><\/strong><\/a><\/span><\/p>\n<p><strong><strong>pedagogick\u00e9 vedenie \u2013 Zdenka neme\u0161ov\u00e1, DiS. art.<\/strong><\/strong><\/p>\n<p><span style=\"color: #000080;\"><a style=\"color: #000080;\" href=\"https:\/\/www.zusjcbb.sk\/wp-content\/uploads\/2018\/04\/D\u00e1vid-\u0160imig-1-miesto-Gal\u00e9ria-Talentov-2018.jpg\"><strong>D\u00e1vid \u0160imig \u2013 1. miesto<\/strong><\/a><\/span><\/p>\n<p><strong><strong>pedagogick\u00e9 vedenie \u2013 Mgr. art. Nat\u00e1lia Serdyukov\u00e1<\/strong><\/strong><\/p>\n<p style=\"text-align: center;\"><strong><strong>*<\/strong><\/strong><\/p>\n<p>Celoslovensk\u00e1 gitarov\u00e1 s\u00fa\u0165a\u017e \u201eGitarov\u00fd festival Giraltovce 2018\u201c<\/p>\n<p><span style=\"color: #000080;\"><a style=\"color: #000080;\" href=\"https:\/\/www.zusjcbb.sk\/wp-content\/uploads\/2018\/04\/Mat\u00fa\u0161.jpg\"><strong><strong>Mat\u00fa\u0161 Bachor\u00edk \u2013 1. miesto<\/strong><\/strong><\/a><\/span><\/p>\n<p><span style=\"color: #000080;\"><a style=\"color: #000080;\" href=\"https:\/\/www.zusjcbb.sk\/wp-content\/uploads\/2018\/04\/Alexandra.jpg\"><strong><strong>Alexandra Michel\u010d\u00edkov\u00e1 \u2013 strieborn\u00e9 p\u00e1smo <\/strong><\/strong><\/a><\/span><\/p>\n<p><strong><strong>pedagogick\u00e9 vedenie \u2013 Mgr. Miroslav Gregu\u0161ka<\/strong><\/strong><\/p>\n<p><span style=\"color: #000080;\"><a style=\"color: #000080;\" href=\"https:\/\/www.zusjcbb.sk\/wp-content\/uploads\/2018\/04\/Marek.jpg\"><strong><strong>Marek Mach\u00e1\u010d \u2013 zlat\u00e9 p\u00e1smo<\/strong><\/strong><\/a><\/span><\/p>\n<p><strong><strong>pedagogick\u00e9 vedenie \u2013 Mgr. art. Jozef Voh\u00e1r<\/strong><\/strong><\/p>\n<p style=\"text-align: center;\"><strong><strong>*<\/strong><\/strong><\/p>\n<p>Medzin\u00e1rodn\u00e1 hus\u013eov\u00e1 s\u00fa\u0165a\u017e \u201eO cenu V\u00e1clava Kr\u016f\u010dka\u201c, Nov\u00fd Ji\u010d\u00edn<\/p>\n<p><strong><strong><span style=\"color: #000080;\"><a style=\"color: #000080;\" href=\"https:\/\/www.zusjcbb.sk\/wp-content\/uploads\/2018\/04\/Miriam-Minkov\u00e1-1-cena-Nov\u00fd-Ji\u010d\u00edn.jpg\">Miriam Minkov\u00e1 \u2013 1. miesto<\/a><\/span>, <span style=\"color: #333399;\"><a style=\"color: #333399;\" href=\"https:\/\/www.zusjcbb.sk\/wp-content\/uploads\/2018\/04\/Miriam-Minkov\u00e1-absol\u00fatny-v\u00ed\u0165az-kateg\u00f3rie-Nov\u00fd-Ji\u010d\u00edn.jpg\">Absol\u00fatny v\u00ed\u0165az kateg\u00f3rie <\/a><\/span>a\u00a0<span style=\"color: #000080;\"><a style=\"color: #000080;\" href=\"https:\/\/www.zusjcbb.sk\/wp-content\/uploads\/2018\/04\/Miriam-Minkov\u00e1-mimoriadny-interpreta\u010dn\u00fd-v\u00fdkon-Nov\u00fd-Ji\u010d\u00edn.jpg\">cena za mimoriadny interpreta\u010dn\u00fd v\u00fdkon<\/a><\/span><\/strong><\/strong><\/p>\n<p><strong><strong>pedagogick\u00e9 vedenie \u2013 Mgr. art. Evgenia Prievalsk\u00e1<\/strong><\/strong><\/p>\n<p><strong><strong>klav\u00edrna spolupr\u00e1ca \u2013 Mgr. art. Nat\u00e1lia Serdyukov\u00e1<\/strong><\/strong><\/p>\n<p style=\"text-align: center;\"><strong><strong>*<\/strong><\/strong><\/p>\n<p>Detsk\u00fd umeleck\u00fd festival J\u00e1na Cikkera \u2013 \u010das\u0165 Ma\u013eovan\u00e1 ZU\u0160-ka 2018, Bansk\u00e1 Bystrica<\/p>\n<h3 style=\"text-align: center;\"><strong><strong>Cena EX AEQUE<\/strong><\/strong><\/h3>\n<p><strong><strong>Dominika Badurov\u00e1<\/strong><\/strong><\/p>\n<p><strong><strong>Tamara Ferencov\u00e1<\/strong><\/strong><\/p>\n<p>pedagogick\u00e9 vedenie<strong><strong> \u2013 Mgr. Jozef\u00edna Krn\u00e1\u010dov\u00e1<\/strong><\/strong><\/p>\n<p><strong><strong>Filip Freudenfeld<\/strong><\/strong><\/p>\n<p>pedagogick\u00e9 vedenie<strong><strong> \u2013 Mgr. Lucia Demuthov\u00e1<\/strong><\/strong><\/p>\n<h3 style=\"text-align: center;\"><strong><strong>Zlat\u00e9 p\u00e1smo<\/strong><\/strong><\/h3>\n<p><strong><strong>Tamara Ferencov\u00e1<\/strong><\/strong>, <strong>Juraj Palu\u0161<\/strong>, <strong>Zoja Gajdo\u0161ov\u00e1<\/strong>, <strong>Katar\u00edna Vrbick\u00e1<\/strong>, <strong>Peter Sartoris<\/strong><\/p>\n<p>Pedagogick\u00e9 vedenie<strong><strong> \u2013 Mgr. Jozef\u00edna Krn\u00e1\u010dov\u00e1<\/strong><\/strong><\/p>\n<p><strong><strong>Bibi\u00e1na Jan\u0161ov\u00e1, Matej \u017diak, Oliver Krista, Nela Ham\u0161\u00edkov\u00e1, Vikt\u00f3ria Pal\u00fachov\u00e1, Kl\u00e1ra Lipt\u00e1kov\u00e1, Stela Drozdov\u00e1<\/strong><\/strong><\/p>\n<p>Pedagogick\u00e9 vedenie<strong><strong> \u2013 Mgr. Adri\u00e1na Kosceln\u00edkov\u00e1, PhD.<\/strong><\/strong><\/p>\n<p><strong><strong>Bianka K\u013ea\u010dkov\u00e1, Martina Gazd\u00edkov\u00e1, Eva Hatal\u010d\u00edkov\u00e1, Lea Mersich, Krist\u00edna Kaj\u00fachov\u00e1, Lea Tat\u00e1rkov\u00e1, Vladim\u00edra Desetov\u00e1 3x, <\/strong><\/strong><\/p>\n<p>pedagogick\u00e9 vedenie<strong><strong> \u2013 PaedDr. \u0160tefan Pondel\u00edk<\/strong><\/strong><\/p>\n<p><strong><strong>Lilien \u010euricov\u00e1<\/strong><\/strong><\/p>\n<p>pedagogick\u00e9 vedenie<strong><strong> \u2013 Mgr. Vanda Babjakov\u00e1<\/strong><\/strong><\/p>\n<p><strong><strong>Alexandra S\u00falovcov\u00e1, Aneta Debn\u00e1rov\u00e1, Kl\u00e1ra Chytilov\u00e1<\/strong><\/strong><\/p>\n<p>pedagogick\u00e9 vedenie<strong><strong> \u2013 Mgr. Sandra Popa\u010f\u00e1kov\u00e1<\/strong><\/strong><\/p>\n<p><strong><strong>Markus Bauko, Timea Cochov\u00e1<\/strong><\/strong><\/p>\n<p>pedagogick\u00e9 vedenie<strong><strong> \u2013 Mgr. Lucia Demuthov\u00e1<\/strong><\/strong><\/p>\n<p><strong><strong>Alexandra Kameschov\u00e1<\/strong><\/strong><\/p>\n<p>pedagogick\u00e9 vedenie<strong><strong> \u2013 Mgr. Lucia Konfalov\u00e1<\/strong><\/strong><\/p>\n<p style=\"text-align: center;\"><strong><strong>*<\/strong><\/strong><\/p>\n<p>S\u00fa\u0165a\u017en\u00e1 prehliadka detskej dramatickej tvorivosti a\u00a0divadla dospel\u00fdch hraj\u00facich pre deti \u201eMy sme mal\u00ed Divadeln\u00edci 2018\u201c Slovensk\u00e1 \u013dup\u010da<\/p>\n<p><strong><strong><span style=\"color: #000080;\"><a style=\"color: #000080;\" href=\"https:\/\/www.zusjcbb.sk\/wp-content\/uploads\/2018\/04\/Divadlo-ZU\u0160-J-Cikkera-2-miestoMy-sme-mal\u00ed-divadeln\u00edci-Slovensk\u00e1-\u013dup\u010da-2018.jpg\">Divadlo ZU\u0160 J\u00e1na Cikkera za inscen\u00e1ciu: Rozpr\u00e1vky pre neposlu\u0161n\u00e9 deti \u2013 2. miesto <\/a><\/span>a\u00a0<span style=\"color: #000080;\"><a style=\"color: #000080;\" href=\"https:\/\/www.zusjcbb.sk\/wp-content\/uploads\/2018\/04\/Boris-Kov\u00e1\u010d-Cena-za-r\u00e9\u017eiu-Slovensk\u00e1-\u013dup\u010da-2018.jpg\">cenu Borisovi Kov\u00e1\u010dovi za r\u00e9\u017eiu hry Rozpr\u00e1vky pre neposlu\u0161n\u00e9 deti<\/a><\/span><\/strong><\/strong><\/p>\n<p><strong><strong>Jakub Rie\u010dan, Adela Somorov\u00e1, Sarah Ol\u00e1hov\u00e1, Nat\u00e1lia Seleck\u00e1, Simona Vinc\u00edkov\u00e1, Sofia Pr\u00eddavkov\u00e1, Zuzana Jan\u010d\u00edkov\u00e1, Anna \u010cernov\u00e1, Michaela Poljovkov\u00e1, Boris Barina, Laura Sz\u00f6keov\u00e1<\/strong><\/strong><\/p>\n<p><strong><strong>pedagogick\u00e9 vedenie \u2013 Mgr. art. Boris Kov\u00e1\u010d<\/strong><\/strong><\/p>\n<p style=\"text-align: center;\"><strong><strong>*<\/strong><\/strong><\/p>\n<p>Okresn\u00e9 kolo 64. Hviezdoslavov Kub\u00edn, Bansk\u00e1 Bystrica<\/p>\n<p><strong><strong>Laura Kladiv\u00edkov\u00e1 \u2013 postup do region\u00e1lneho kola<\/strong><\/strong><\/p>\n<p><strong><strong>Juraj Bolf \u2013 postup do region\u00e1lneho kola<\/strong><\/strong><\/p>\n<p><strong><strong>Diana Hlav\u00e1\u010dov\u00e1 \u2013 postup do region\u00e1lneho kola<\/strong><\/strong><\/p>\n<p><strong><strong>\u013dudov\u00edt Balog \u2013 postup do region\u00e1lneho kola<\/strong><\/strong><\/p>\n<p><strong><strong>Richard Ma\u013ea \u2013 postup do region\u00e1lneho kola<\/strong><\/strong><\/p>\n<p><strong><strong>pedagogick\u00e9 vedenie \u2013 Mgr. art. Veronika Fekia\u010dov\u00e1<\/strong><\/strong><\/p>\n<p style=\"text-align: center;\"><strong><strong>*<\/strong><\/strong><\/p>\n<p>Region\u00e1lne kolo 64. Hviezdoslavov Kub\u00edn, Bansk\u00e1 Bystrica<\/p>\n<p><strong><strong>Jakub Rie\u010dan \u2013 2. miesto, po\u00e9zia<\/strong><\/strong><\/p>\n<p><strong><strong>Nina Banc\u00edkov\u00e1 \u2013 3. miesto, pr\u00f3za<\/strong><\/strong><\/p>\n<p><strong><strong>pedagogick\u00e9 vedenie \u2013 Mgr. art. Veronika Fekia\u010dov\u00e1<\/strong><\/strong><\/p>\n<p style=\"text-align: center;\"><strong><strong>*<\/strong><\/strong><\/p>\n<p>XIV. ro\u010dn\u00edk celoslovenskej umeleckej s\u00fa\u0165a\u017ee \u201eKov\u00e1\u010dova Bystrica 2018\u201c<\/p>\n<p><strong><strong>\u013dudov\u00edt Balog \u2013 Laure\u00e1t s\u00fa\u0165a\u017ee<\/strong><\/strong><\/p>\n<p><strong><strong>Jakub Rie\u010dan \u2013 1. miesto<\/strong><\/strong><\/p>\n<p><strong><strong>Nina Banc\u00edkov\u00e1 \u2013 2. miesto<\/strong><\/strong><\/p>\n<p><strong><strong>Juraj Bolf \u2013 1. miesto<\/strong><\/strong><\/p>\n<p><strong><strong>Zuzana Zau\u0161kov\u00e1 \u2013 2. miesto<\/strong><\/strong><\/p>\n<p><strong><strong>Ter\u00e9zia Kiabov\u00e1 \u2013 3. miesto<\/strong><\/strong><\/p>\n<p><strong><strong>pedagogick\u00e9 vedenie \u2013 Mgr. art. Veronika Fekia\u010dov\u00e1<\/strong><\/strong><\/p>\n<p style=\"text-align: center;\"><strong><strong>*<\/strong><\/strong><\/p>\n<p>S\u00fa\u0165a\u017en\u00e1 prehliadka divadla mlad\u00fdch \u201eKarva\u0161ova Bystrica 2018\u201c<\/p>\n<p>a<\/p>\n<p>S\u00fa\u0165a\u017en\u00e1 prehliadka ochotn\u00edckeho divadla \u201eTajovsk\u00e9ho divadeln\u00e9 dni 2018\u201c<\/p>\n<p><strong><strong><span style=\"color: #000080;\"><a style=\"color: #000080;\" href=\"https:\/\/www.zusjcbb.sk\/wp-content\/uploads\/2018\/04\/Divadlo-ZU\u0160-J-Cikkera-1-miesto-Karva\u0161ova-Bystrica-2018.jpg\">Divadlo ZU\u0160 J. Cikkera za inscen\u00e1ciu: Obr\u00e1zky nesmrte\u013enej mladosti \u2013 1. miesto <\/a><\/span>a\u00a0<span style=\"color: #000080;\"><a style=\"color: #000080;\" href=\"https:\/\/www.zusjcbb.sk\/wp-content\/uploads\/2018\/04\/Divadlo-ZU\u0160-J-Cikkera-\u0160peci\u00e1lna-cena-Tajovsk\u00e9ho-dni-2018.jpg\">\u0160peci\u00e1lna cena<\/a><\/span><\/strong><\/strong><\/p>\n<p><strong><strong>Juraj Bolf, Zuzana Zau\u0161kov\u00e1, Richard Ma\u013ea, Tereza Schmidtov\u00e1, Lujza Kal\u010dokov\u00e1, \u013dudov\u00edt Balog, Laura Kladiv\u00edkov\u00e1, Jakub Daxner<\/strong><\/strong><\/p>\n<p><strong><strong>pedagogick\u00e9 vedenie \u2013 Mgr. art. Boris Kov\u00e1\u010d<\/strong><\/strong><\/p>\n<p style=\"text-align: center;\"><strong><strong>*<\/strong><\/strong><\/p>\n<p>11. Celo\u0161t\u00e1tna s\u00fa\u0165a\u017en\u00e1 prehliadka ZU\u0160 SR a\u00a0\u010cR v\u00a0hre na keyboard, Pova\u017esk\u00e1 Bystrica<\/p>\n<p><span style=\"color: #000080;\"><a style=\"color: #000080;\" href=\"https:\/\/www.zusjcbb.sk\/wp-content\/uploads\/2018\/03\/Leo-Redlinger-bronz-Pova\u017esk\u00e1-Bystrica.jpg\"><strong><strong>Leo Redlinger \u2013 bronzov\u00e9 p\u00e1smo<\/strong><\/strong><\/a><\/span><\/p>\n<p><span style=\"color: #000080;\"><a style=\"color: #000080;\" href=\"https:\/\/www.zusjcbb.sk\/wp-content\/uploads\/2018\/03\/Krist\u00edna-Kajanov\u00e1-\u010destn\u00e9-uznanie-Pova\u017esk\u00e1-Bystrica.jpg\"><strong><strong>Krist\u00edna Kajanov\u00e1 \u2013 \u010destn\u00e9 uznanie<\/strong><\/strong><\/a><\/span><\/p>\n<p><span style=\"color: #000080;\"><a style=\"color: #000080;\" href=\"https:\/\/www.zusjcbb.sk\/wp-content\/uploads\/2018\/03\/Ryb\u00e1rov\u00e1-Kajanov\u00e1-striebro-Pova\u017esk\u00e1-Bystrica.jpg\"><strong><strong>Kl\u00e1ra Ryb\u00e1rov\u00e1 a\u00a0Krist\u00edna Kajanov\u00e1 \u2013 strieborn\u00e9 p\u00e1smo <\/strong><\/strong>(komorn\u00e1 hra)<\/a><\/span><\/p>\n<p><strong><strong>pedagogick\u00e9 vedenie \u2013 Mgr. Zlatica Rebov\u00e1, DiS. art.<\/strong><\/strong><\/p>\n<p style=\"text-align: center;\"><strong><strong>*<\/strong><\/strong><\/p>\n<p>18. ro\u010dn\u00edk celoslovenskej interpreta\u010dnej s\u00fa\u0165a\u017ee v\u00a0s\u00f3lovej hre na husliach, Schneiderova Trnava<\/p>\n<p><span style=\"color: #000080;\"><a style=\"color: #000080;\" href=\"https:\/\/www.zusjcbb.sk\/wp-content\/uploads\/2018\/04\/Filip-Frgelec-striebro-Trnava-2018.jpg\"><strong><strong>Filip Frgelec \u2013 strieborn\u00e9 p\u00e1smo <\/strong><\/strong><\/a><\/span><\/p>\n<p><strong><strong>pedagogick\u00e9 vedenie \u2013 Mgr. art. Du\u0161an Radi\u010d<\/strong><\/strong><\/p>\n<p><strong><strong>klav\u00edrna spolupr\u00e1ca \u2013 Mgr. Anna Turzov\u00e1, DiS. art.<\/strong><\/strong><\/p>\n<p><span style=\"color: #000080;\"><a style=\"color: #000080;\" href=\"https:\/\/www.zusjcbb.sk\/wp-content\/uploads\/2018\/04\/L\u00edvia-Ob\u0161ajsn\u00edkov\u00e1-striebro-Trnava.jpg\"><strong><strong>L\u00edvia Ob\u0161ajsn\u00edkov\u00e1 \u2013 strieborn\u00e9 p\u00e1smo<\/strong><\/strong><\/a><\/span><\/p>\n<p><strong><strong>pedagogick\u00e9 vedenie \u2013 Mgr. Stanislava Mar\u00e1kov\u00e1, DiS. art.<\/strong><\/strong><\/p>\n<p><strong><strong>klav\u00edrna spolupr\u00e1ca \u2013 Mgr. Anna Turzov\u00e1, DiS. art.<\/strong><\/strong><\/p>\n<p><strong><strong><span style=\"color: #000080;\"><a style=\"color: #000080;\" href=\"https:\/\/www.zusjcbb.sk\/wp-content\/uploads\/2018\/03\/Miriam-Minkov\u00e1-zlato-Trnava-2018.jpg\">Miriam Minkov\u00e1 \u2013 zlat\u00e9 p\u00e1smo<\/a><\/span>, <span style=\"color: #000080;\"><a style=\"color: #000080;\" href=\"https:\/\/www.zusjcbb.sk\/wp-content\/uploads\/2018\/03\/Miriam-Minkov\u00e1-cena-za-interpret\u00e1ciu-Trnava-2018.jpg\">cena za najlep\u0161iu interpret\u00e1ciu skladby<\/a><\/span><\/strong><\/strong><\/p>\n<p><span style=\"color: #000080;\"><a style=\"color: #000080;\" href=\"https:\/\/www.zusjcbb.sk\/wp-content\/uploads\/2018\/03\/Samuel-Minka-striebro-Trnava-2018.jpg\"><strong><strong>Samuel Minka \u2013 strieborn\u00e9 p\u00e1smo<\/strong><\/strong><\/a><\/span><\/p>\n<p><strong><strong>pedagogick\u00e9 vedenie \u2013 Mgr. art. Evgenia Prievalsk\u00e1<\/strong><\/strong><\/p>\n<p><strong><strong>klav\u00edrna spolupr\u00e1ca \u2013 <span style=\"color: #000080;\"><a style=\"color: #000080;\" href=\"https:\/\/www.zusjcbb.sk\/wp-content\/uploads\/2018\/04\/Nat\u00e1lia-Serdyukov\u00e1-naj-korepet\u00edtor-Trnava-2018.jpg\">Mgr. art. Nat\u00e1lia Serdyukov\u00e1 &#8211;\u00a0ocenenie najlep\u0161\u00ed korepet\u00edtor<\/a><\/span><\/strong><\/strong><\/p>\n<p style=\"text-align: center;\"><strong><strong>*<\/strong><\/strong><\/p>\n<p>23. ro\u010dn\u00edk celoslovenskej s\u00fa\u0165a\u017ee v\u00a0s\u00f3lovom a\u00a0komornom speve pre \u017eiakov ZU\u0160, Vok\u00e1lna jar Kysuck\u00e9 Nov\u00e9 Mesto<\/p>\n<p><span style=\"color: #000080;\"><a style=\"color: #000080;\" href=\"https:\/\/www.zusjcbb.sk\/wp-content\/uploads\/2018\/03\/Adri\u00e1n-Ko\u017eiak-zlato-Vok\u00e1lna-jar-2018.jpg\"><strong><strong>Adri\u00e1n Ko\u017eiak \u2013 zlat\u00e9 p\u00e1smo<\/strong><\/strong><\/a><\/span><\/p>\n<p><span style=\"color: #000080;\"><a style=\"color: #000080;\" href=\"https:\/\/www.zusjcbb.sk\/wp-content\/uploads\/2018\/03\/Matilda-Debn\u00e1rov\u00e1-bronz-Vok\u00e1lna-Jar-2018.jpg\"><strong><strong>Matilda Debn\u00e1rov\u00e1 \u2013 bronzov\u00e9 p\u00e1smo<\/strong><\/strong><\/a><\/span><\/p>\n<p><strong><strong>pedagogick\u00e9 vedenie \u2013 Mgr. art. M\u00e1ria Ne\u010desan\u00e1, PhD.<\/strong><\/strong><\/p>\n<p><strong><strong>klav\u00edrna spolupr\u00e1ca \u2013 Mgr. art. Zuzana Sochu\u013e\u00e1kov\u00e1<\/strong><\/strong><\/p>\n<p style=\"text-align: center;\"><strong>*<\/strong><\/p>\n<p>4. ro\u010dn\u00edk region\u00e1lnej s\u00fa\u0165a\u017ee v\u00a0hre na keyboard, Brezno<\/p>\n<p><span style=\"color: #000080;\"><a style=\"color: #000080;\" href=\"https:\/\/www.zusjcbb.sk\/wp-content\/uploads\/2018\/04\/Martin-Samuel-Kota\u010dka-2-miesto-Brezno-2018.jpg\"><strong><strong>Martin Samuel Kota\u010dka \u2013 2. miesto<\/strong><\/strong><\/a><\/span><\/p>\n<p><span style=\"color: #000080;\"><a style=\"color: #000080;\" href=\"https:\/\/www.zusjcbb.sk\/wp-content\/uploads\/2018\/04\/Alexandra-Kapustov\u00e1-1-miesto-Brezno-2018.jpg\"><strong><strong>Alexandra Kapustov\u00e1 \u2013 1. miesto<\/strong><\/strong><\/a><\/span><\/p>\n<p><span style=\"color: #000080;\"><a style=\"color: #000080;\" href=\"https:\/\/www.zusjcbb.sk\/wp-content\/uploads\/2018\/04\/Martin-Zimka-3-miesto-Brezno-2018.jpg\"><strong><strong>Martin Zimka \u2013 3. miesto<\/strong><\/strong><\/a><\/span><\/p>\n<p><strong><strong>pedagogick\u00e9 vedenie \u2013 Mgr. art. Zuzana Sochu\u013e\u00e1kov\u00e1<\/strong><\/strong><\/p>\n<p><span style=\"color: #000080;\"><a style=\"color: #000080;\" href=\"https:\/\/www.zusjcbb.sk\/wp-content\/uploads\/2018\/03\/Luk\u00e1\u0161-Uhrin-2-miesto-Brezno-2018.jpg\"><strong><strong>Luk\u00e1\u0161 Uhrin \u2013 2. miesto<\/strong><\/strong><\/a><\/span><\/p>\n<p><strong><strong>Jakub Kov\u00e1\u010d \u2013 2. miesto<\/strong><\/strong><\/p>\n<p><strong><strong>Artur Kri\u0161tofek \u2013 2. miesto<\/strong><\/strong><\/p>\n<p><strong><strong>Leo Redlinger \u2013 2. miesto<\/strong><\/strong><\/p>\n<p><span style=\"color: #000080;\"><a style=\"color: #000080;\" href=\"https:\/\/www.zusjcbb.sk\/wp-content\/uploads\/2018\/03\/Krist\u00edna-Kajanov\u00e1-2-miesto-Brezno-2018.jpg\"><strong><strong>Krist\u00edna Kajanov\u00e1 \u2013 2. miesto<\/strong><\/strong><\/a><\/span><\/p>\n<p><strong><strong>pedagogick\u00e9 vedenie \u2013 Mgr. Zlatica Rebov\u00e1, DiS. art.<\/strong><\/strong><\/p>\n<p><span style=\"color: #000080;\"><a style=\"color: #000080;\" href=\"https:\/\/www.zusjcbb.sk\/wp-content\/uploads\/2018\/04\/Marek-Strn\u00e1d-1-miesto-Brezno-2018.jpg\"><strong><strong>Marek Strnad \u2013 1. miesto<\/strong><\/strong><\/a><\/span><\/p>\n<p><span style=\"color: #000080;\"><a style=\"color: #000080;\" href=\"https:\/\/www.zusjcbb.sk\/wp-content\/uploads\/2018\/04\/Simona-Sanitr\u00e1rov\u00e1-1-miesto-Brezno-2018.jpg\"><strong><strong>Simona Sanitr\u00e1rov\u00e1 \u2013 1. miesto<\/strong><\/strong><\/a><\/span><\/p>\n<p><strong><strong>pedagogick\u00e9 vedenie \u2013 \u013dubica \u0160pil\u00e1kov\u00e1, DiS. art.<\/strong><\/strong><\/p>\n<p style=\"text-align: center;\"><strong><strong>*<\/strong><\/strong><\/p>\n<p>18. ro\u010dn\u00edk celoslovenskej interpreta\u010dnej s\u00fa\u0165a\u017ee v\u00a0\u0161tvorru\u010dnej hre na klav\u00edri, Schneiderova Trnava<\/p>\n<p><strong><strong>Aur\u00e9lien Schmitt a\u00a0Ane\u017eka Krestiankov\u00e1<\/strong> <strong>\u2013 bronzov\u00e9 p\u00e1smo<\/strong><\/strong><\/p>\n<p><strong><strong>pedagogick\u00e9 vedenie \u2013 Mgr. Magdal\u00e9na Frankov\u00e1, DiS. art.<\/strong><\/strong><\/p>\n<p><strong><strong>Tom\u00e1\u0161 Pataj a\u00a0Filip Prievalsk\u00fd \u2013 strieborn\u00e9 p\u00e1smo<\/strong><\/strong><\/p>\n<p><strong><strong><span style=\"color: #000080;\"><a style=\"color: #000080;\" href=\"https:\/\/www.zusjcbb.sk\/wp-content\/uploads\/2018\/03\/\u017dofia-Viga\u0161ov\u00e1-a-L\u00edvia-Sol\u00e1rikov\u00e1-bronz-Trnava-2018.jpg\">L\u00edvia Sol\u00e1rikov\u00e1 a\u00a0\u017dofia Viga\u0161ov\u00e1 \u2013 bronzov\u00e9 p\u00e1smo <\/a><\/span>+ <span style=\"color: #000080;\"><a style=\"color: #000080;\" href=\"https:\/\/www.zusjcbb.sk\/wp-content\/uploads\/2018\/03\/\u017dofia-Viga\u0161ov\u00e1-a-L\u00edvia-Sol\u00e1rikov\u00e1-cena-spolo\u010dnosti-Trnava-2018.jpg\">Cena Spolo\u010dnosti Mikul\u00e1\u0161a Sch. &#8211; Trnavsk\u00e9ho<\/a><\/span><\/strong><\/strong><\/p>\n<p><strong><strong>pedagogick\u00e9 vedenie \u2013 Mgr. art. Nat\u00e1lia Serdyukov\u00e1<\/strong><\/strong><\/p>\n<p style=\"text-align: center;\"><strong><strong>*<\/strong><\/strong><\/p>\n<p>36. ro\u010dn\u00edk s\u00fa\u0165a\u017enej prehliadky hudobn\u00e9ho folkl\u00f3ru O\u00a0ponick\u00fa fujarku 2018<\/p>\n<p><span style=\"color: #000080;\"><a style=\"color: #000080;\" href=\"https:\/\/www.zusjcbb.sk\/wp-content\/uploads\/2018\/04\/Matej-Budaj-1-miesto-pon-fujarka-2018.jpg\"><strong>Matej Budaj \u2013 1. miesto <\/strong>(in\u0161trumentalisti)<\/a><\/span><\/p>\n<p><strong><strong>pedagogick\u00e9 vedenie \u2013 Mgr. art. Du\u0161an Radi\u010d<\/strong><\/strong><\/p>\n<p><strong><strong>\u013dudov\u00e1 hudba ZU\u0160 J\u00e1na Cikkera \u2013 2. miesto<\/strong><\/strong><\/p>\n<p><strong><strong>pedagogick\u00e9 vedenie \u2013 Mgr. Rudolf Veselovsk\u00fd<\/strong><\/strong><\/p>\n<p style=\"text-align: center;\"><strong><strong>*<\/strong><\/strong><\/p>\n<p>Okresn\u00e9 kolo 64. Hviezdoslavov Kub\u00edn, Bansk\u00e1 Bystrica<\/p>\n<p><strong><strong>Jakub Rie\u010dan \u2013 postup do region\u00e1lneho kola<\/strong><\/strong><\/p>\n<p><strong><strong>Nina Banc\u00edkov\u00e1 \u2013 postup do region\u00e1lneho kola<\/strong><\/strong><\/p>\n<p><strong><strong>Michaela Poljovkov\u00e1 \u2013 postup do region\u00e1lneho kola <\/strong><\/strong><\/p>\n<p><strong><strong>Krist\u00edna Sov\u00e1kov\u00e1 \u2013 postup do region\u00e1lneho kola<\/strong><\/strong><\/p>\n<p><strong><strong>S\u00e1ra Gregorov\u00e1 \u2013 postup do region\u00e1lneho kola<\/strong><\/strong><\/p>\n<p><strong><strong>pedagogick\u00e9 vedenie \u2013 Mgr. art. Veronika Fekia\u010dov\u00e1<\/strong><\/strong><\/p>\n<p style=\"text-align: center;\"><strong><strong>*<\/strong><\/strong><\/p>\n<p>XXXIII. ro\u010dn\u00edk v\u00fdtvarnej s\u00fa\u0165a\u017ee Vesm\u00edr o\u010dami det\u00ed 2018, okresn\u00e9 kolo<\/p>\n<p><span style=\"color: #333399;\"><a style=\"color: #333399;\" href=\"https:\/\/www.zusjcbb.sk\/wp-content\/uploads\/2018\/03\/Diplom-VOD.jpg\"><strong>diplom pre ZU\u0160 J\u00e1na Cikkera<\/strong><\/a><\/span><\/p>\n<p><strong><strong>Hana Galandov\u00e1 \u2013 postup do celoslovensk\u00e9ho kola<\/strong><\/strong><\/p>\n<p><strong><strong>pedagogick\u00e9 vedenie \u2013 Mgr. Lucia Demuthov\u00e1<\/strong><\/strong><\/p>\n<p><strong><strong>Adela Tom\u00e1\u0161kov\u00e1 \u2013 postup do celoslovensk\u00e9ho kola<\/strong><\/strong><\/p>\n<p><strong><strong>pedagogick\u00e9 vedenie \u2013 Mgr. Sandra Popa\u010f\u00e1kov\u00e1<\/strong><\/strong><\/p>\n<p style=\"text-align: center;\"><strong><strong>*<\/strong><\/strong><\/p>\n<p>21. ro\u010dn\u00edk celoslovenskej s\u00fa\u0165a\u017enej vok\u00e1lnej prehliadky Stan\u010dekova Prievidza 2018<\/p>\n<p><span style=\"color: #333399;\"><a style=\"color: #333399;\" href=\"https:\/\/www.zusjcbb.sk\/wp-content\/uploads\/2018\/02\/Tate\u00e1\u0161-Ko\u0161\u00edk-1.-miesto-zlato-Stan\u010dekova-Prievidza-2018.jpg\"><strong><strong>Tade\u00e1\u0161 Ko\u0161\u00edk \u2013 1. miesto zlat\u00e9 p\u00e1smo<\/strong><\/strong><\/a><\/span><\/p>\n<p><span style=\"color: #333399;\"><a style=\"color: #333399;\" href=\"https:\/\/www.zusjcbb.sk\/wp-content\/uploads\/2018\/02\/Tmitej-Kova\u010dech-2.-miesto-zlato-Stan\u010dekova-Prievidza-2018.jpg\"><strong><strong>Timotej Kova\u010dech \u2013 2. miesto zlat\u00e9 p\u00e1smo<\/strong><\/strong><\/a><\/span><\/p>\n<p><span style=\"color: #333399;\"><a style=\"color: #333399;\" href=\"https:\/\/www.zusjcbb.sk\/wp-content\/uploads\/2018\/02\/Ela-\u0160ullov\u00e1-striebro-Stan\u010dekova-Prievidza-2018.jpg\"><strong><strong>Ela \u0160ullov\u00e1 \u2013 strieborn\u00e9 p\u00e1smo<\/strong><\/strong><\/a><\/span><\/p>\n<p><strong><strong>pedagogick\u00e9 vedenie \u2013 Mgr. art. Lucia Ka\u0161\u0161ov\u00e1<\/strong><\/strong><\/p>\n<p><strong>klav\u00edrna spolupr\u00e1ca &#8211; Mgr. art. Martin Ka\u0161\u0161a<\/strong><\/p>\n<p><span style=\"color: #333399;\"><a style=\"color: #333399;\" href=\"https:\/\/www.zusjcbb.sk\/wp-content\/uploads\/2018\/02\/Aneta-Kubincov\u00e1-striebro-Stan\u010dekova-Prievidza-2018.jpg\"><strong><strong>Aneta Kubincov\u00e1 \u2013 strieborn\u00e9 p\u00e1smo<\/strong><\/strong><\/a><\/span><\/p>\n<p><span style=\"color: #333399;\"><a style=\"color: #333399;\" href=\"https:\/\/www.zusjcbb.sk\/wp-content\/uploads\/2018\/02\/Andrea-Snopkov\u00e1-striebro-Stan\u010dekova-Prievidza-2018.jpg\"><strong><strong>Andrea Snopkov\u00e1 \u2013 strieborn\u00e9 p\u00e1smo<\/strong><\/strong><\/a><\/span><\/p>\n<p><strong><strong>pedagogick\u00e9 vedenie \u2013 Mgr. Dana \u0160t\u011bdro\u0148ov\u00e1, DiS. art.<\/strong><\/strong><\/p>\n<p><strong>klav\u00edrna polupr\u00e1ca &#8211; Mgr. art. et Mgr. Anna Burdov\u00e1, PhD.<\/strong><\/p>\n<p style=\"text-align: center;\"><strong><strong>*<\/strong><\/strong><\/p>\n<p>Okresn\u00e9 kolo s\u00fa\u0165a\u017ee v\u00a0prednese slovenskej povesti \u0160aliansky Ma\u0165ko, Bansk\u00e1 Bystrica<\/p>\n<p><strong><strong>Jakub Rie\u010dan \u2013 1. miesto a\u00a0postup do krajsk\u00e9ho kola<\/strong><\/strong><\/p>\n<p><strong><strong>Zuzana Babin\u010d\u00e1kov\u00e1 \u2013 2. miesto<\/strong><\/strong><\/p>\n<p><strong><strong>pedagogick\u00e9 vedenie \u2013 Mgr. art. Veronika Fekia\u010dov\u00e1<\/strong><\/strong><\/p>\n<p style=\"text-align: center;\"><strong><strong>*<\/strong><\/strong><\/p>\n<p>Celoslovensk\u00e9 kolo s\u00fa\u0165a\u017ee v\u00a0recit\u00e1cii po\u00e9zie &#8211; N\u00e1vraty po\u00e9zie o\u00a0Cenu Andreja Sl\u00e1dkovi\u010da, Bansk\u00e1 Bystrica<\/p>\n<p><strong><strong>Zuzana Zau\u0161kov\u00e1 \u2013 1. miesto<\/strong><\/strong><\/p>\n<p><strong>pedagogick\u00e9 vedenie \u2013 Mgr. art. Veronika Fekia\u010dov\u00e1<\/strong><\/p>\n<p style=\"text-align: center;\"><strong><strong>*<\/strong><\/strong><\/p>\n<p>9. ro\u010dn\u00edk celoslovenskej gitarovej s\u00fa\u0165a\u017ee \u2013 Prievidza 2017<\/p>\n<p><span style=\"color: #333399;\"><a style=\"color: #333399;\" href=\"https:\/\/www.zusjcbb.sk\/wp-content\/uploads\/2017\/11\/Mat\u00fa\u0161.jpg\"><strong><strong>Mat\u00fa\u0161 Bachor\u00edk \u2013 zlat\u00e9 p\u00e1smo 3. miesto<\/strong><\/strong><\/a><\/span><\/p>\n<p><span style=\"color: #333399;\"><a style=\"color: #333399;\" href=\"https:\/\/www.zusjcbb.sk\/wp-content\/uploads\/2017\/11\/Sa\u0161a.jpg\"><strong><strong>Alexandra Michel\u010d\u00edkov\u00e1 \u2013 zlat\u00e9 p\u00e1smo 2. miesto<\/strong><\/strong><\/a><\/span><\/p>\n<p><strong><strong>pedagogick\u00e9 vedenie \u2013 Mgr. Miroslav Gregu\u0161ka<\/strong><\/strong><\/p>\n<p><span style=\"color: #333399;\"><a style=\"color: #333399;\" href=\"https:\/\/www.zusjcbb.sk\/wp-content\/uploads\/2017\/11\/Marek.jpg\"><strong><strong>Marek Mach\u00e1\u010d \u2013 zlat\u00e9 p\u00e1smo 2. miesto<\/strong><\/strong><\/a><\/span><\/p>\n<p><strong><strong>pedagogick\u00e9 vedenie \u2013 Mgr. art. Jozef Voh\u00e1r<\/strong><\/strong><\/p>\n<p style=\"text-align: center;\"><strong><strong>*<\/strong><\/strong><\/p>\n<p>12. ro\u010dn\u00edk s\u00fa\u0165a\u017ee v\u00a0speve popul\u00e1rnej piesne, POP BB 2017 \u2013 fin\u00e1le<\/p>\n<p><strong><strong>Al\u017ebeta \u0160\u00farov\u00e1 \u2013 3. miesto<\/strong><\/strong><\/p>\n<p><span style=\"color: #333399;\"><a style=\"color: #333399;\" href=\"https:\/\/www.zusjcbb.sk\/wp-content\/uploads\/2017\/11\/POP-BB-Sofia-Raj\u0161i\u010d-3-miesto-e1511797300559.jpg\"><strong><strong>Sofia Raj\u0161i\u010d \u2013 3. miesto<\/strong><\/strong><\/a><\/span><\/p>\n<p><strong><strong>pedagogick\u00e9 vedenie \u2013 Mgr. art. M\u00e1ria Ne\u010desan\u00e1 PhD.<\/strong><\/strong><\/p>\n<p style=\"text-align: center;\"><strong><strong>*<\/strong><\/strong><\/p>\n<p>21. ro\u010dn\u00edk s\u00fa\u0165a\u017ee v\u00a0divadelnej improviz\u00e1cii \u2013 Bystrick\u00e1 Improliga 2017<\/p>\n<p><span style=\"color: #333399;\"><a style=\"color: #333399;\" href=\"https:\/\/www.zusjcbb.sk\/wp-content\/uploads\/2017\/11\/Bystrick\u00e1-imroliga-2017-Vanilkov\u00e9-ka\u0161tany-1-miesto.jpg\"><strong><strong>LDO dru\u017estvo Vanilkov\u00e9 ka\u0161tany \u2013 1. miesto<\/strong><\/strong><\/a><\/span><\/p>\n<ul>\n<li><strong>Juraj Bolf, Zuzana Zau\u0161kov\u00e1, Richard Ma\u013ea, Lujza Kal\u010dokov\u00e1<\/strong><\/li>\n<\/ul>\n<p><span style=\"color: #333399;\"><a style=\"color: #333399;\" href=\"https:\/\/www.zusjcbb.sk\/wp-content\/uploads\/2017\/11\/Bystrick\u00e1-imroliga-2017-\u0160imon-pre\u010d-2-miesto.jpg\"><strong><strong>LDO dru\u017estvo \u0160imon je nen\u00e1vratne pre\u010d \u2013 2. miesto<\/strong><\/strong><\/a><\/span><\/p>\n<ul>\n<li><strong>\u013dudov\u00edt Balog, Laura Kladiv\u00edkov\u00e1, Jakub Daxner, Tereza Schmidtov\u00e1<\/strong><\/li>\n<\/ul>\n<p><strong><strong>pedagogick\u00e9 vedenie \u2013 Mgr. art. Boris Kov\u00e1\u010d<\/strong><\/strong><\/p>\n<p style=\"text-align: center;\"><strong><strong>*<\/strong><\/strong><\/p>\n<p style=\"text-align: left;\" align=\"center\"><span style=\"color: #000000; font-family: Times New Roman; font-size: medium;\">12. ro\u010dn\u00edk s\u00fa\u0165a\u017ee v\u00a0speve popul\u00e1rnej piesne, POP BB 2017 \u2013 celoslovensk\u00fd v\u00fdberov\u00fd konkurz<\/span><span style=\"color: #000000; font-family: Times New Roman; font-size: medium;\">\u00a0<\/span><\/p>\n<p><b><span style=\"color: #000000; font-family: Times New Roman; font-size: medium;\">Al\u017ebeta \u0160\u00farov\u00e1 \u2013 postup do fin\u00e1le<\/span><\/b><\/p>\n<p><b><span style=\"color: #000000; font-family: Times New Roman; font-size: medium;\">Sofia Raj\u0161i\u010d \u2013 postup do fin\u00e1le<\/span><\/b><\/p>\n<p><b><span style=\"color: #000000; font-family: Times New Roman; font-size: medium;\">pedagogick\u00e9 vedenie \u2013 Mgr. art. M\u00e1ria Ne\u010desan\u00e1, PhD.<\/span><\/b><\/p>\n<p align=\"center\"><b><span style=\"color: #000000; font-family: Times New Roman; font-size: medium;\">*<\/span><\/b><\/p>\n<p>Krajsk\u00e9 kolo s\u00fa\u0165a\u017ee mlad\u00fdch moder\u00e1torov \u2013 S\u00e1rova Bystrica 2017<\/p>\n<p><strong>\u013dudov\u00edt Balog<\/strong><strong> \u2013 3. miesto<\/strong><\/p>\n<p><strong>pedagogick\u00e9 vedenie \u2013 Mgr. art. Veronika Fekia\u010dov\u00e1<\/strong><\/p>\n<p style=\"text-align: center;\"><strong><strong>*<\/strong><\/strong><\/p>\n<p>Oblastn\u00e9 kolo recita\u010dnej s\u00fa\u0165a\u017ee N\u00e1vraty po\u00e9zie o\u00a0Cenu Andreja Sl\u00e1dkovi\u010da, Bansk\u00e1 Bystrica<\/p>\n<p><strong><strong>Juraj Bolf \u2013 1. miesto<\/strong><\/strong><\/p>\n<p><strong><strong>Zuzana Zau\u0161kov\u00e1 \u2013 1. miesto<\/strong><\/strong><\/p>\n<p><strong>pedagogick\u00e9 vedenie \u2013 Mgr. art. Veronika Fekia\u010dov\u00e1<\/strong><\/p>\n<p style=\"text-align: center;\"><strong><strong>*<\/strong><\/strong><\/p>\n<h3 style=\"text-align: left;\"><span style=\"color: #333399;\"><a style=\"color: #333399;\" href=\"https:\/\/www.zusjcbb.sk\/?page_id=3344\">\u00daspechy v minulom \u0161kolskom roku 2016 \/ 2017<\/a><\/span><\/h3>\n<p style=\"text-align: center;\"><strong>*<\/strong><\/p>\n","protected":false},"excerpt":{"rendered":"<p>* odkaz na \u00faspechy v novom \u0161kolskom roku 2018 \/ 2019 * &nbsp; Celoslovensk\u00fd vzdel\u00e1vac\u00ed program Gal\u00e9rie mesta Bratislavy \u201eUmenie zbl\u00edzka 2018\u201c, Bratislava Nat\u00e1lia Dol\u0148anov\u00e1, R\u00fat Ko\u010d\u00edkov\u00e1, Simona Strme\u0148ov\u00e1 \u2013 ocenen\u00e1 pr\u00e1ca ur\u010den\u00e1 na v\u00fdstavu pedagogick\u00e9 vedenie \u2013 Mgr. Jozef\u00edna Krn\u00e1\u010dov\u00e1 Ema Le\u00f3n, Olivia Le\u00f3n \u2013 ocenen\u00e1 pr\u00e1ca ur\u010den\u00e1 na v\u00fdstavu pedagogick\u00e9 vedenie \u2013 Mgr.&hellip;&nbsp;<a href=\"https:\/\/www.zusjcbb.sk\/?page_id=4343\" class=\"\" rel=\"bookmark\">\u010c\u00edta\u0165 viac &raquo;<span class=\"screen-reader-text\">\u00daspechy 2017 \/ 2018<\/span><\/a><\/p>\n","protected":false},"author":2,"featured_media":0,"parent":0,"menu_order":0,"comment_status":"closed","ping_status":"closed","template":"","meta":{"neve_meta_sidebar":"","neve_meta_container":"","neve_meta_enable_content_width":"","neve_meta_content_width":0,"neve_meta_title_alignment":"","neve_meta_author_avatar":"","neve_post_elements_order":"","neve_meta_disable_header":"","neve_meta_disable_footer":"","neve_meta_disable_title":""},"_links":{"self":[{"href":"https:\/\/www.zusjcbb.sk\/index.php?rest_route=\/wp\/v2\/pages\/4343"}],"collection":[{"href":"https:\/\/www.zusjcbb.sk\/index.php?rest_route=\/wp\/v2\/pages"}],"about":[{"href":"https:\/\/www.zusjcbb.sk\/index.php?rest_route=\/wp\/v2\/types\/page"}],"author":[{"embeddable":true,"href":"https:\/\/www.zusjcbb.sk\/index.php?rest_route=\/wp\/v2\/users\/2"}],"replies":[{"embeddable":true,"href":"https:\/\/www.zusjcbb.sk\/index.php?rest_route=%2Fwp%2Fv2%2Fcomments&post=4343"}],"version-history":[{"count":160,"href":"https:\/\/www.zusjcbb.sk\/index.php?rest_route=\/wp\/v2\/pages\/4343\/revisions"}],"predecessor-version":[{"id":5371,"href":"https:\/\/www.zusjcbb.sk\/index.php?rest_route=\/wp\/v2\/pages\/4343\/revisions\/5371"}],"wp:attachment":[{"href":"https:\/\/www.zusjcbb.sk\/index.php?rest_route=%2Fwp%2Fv2%2Fmedia&parent=4343"}],"curies":[{"name":"wp","href":"https:\/\/api.w.org\/{rel}","templated":true}]}}