{"id":7537,"date":"2020-06-23T17:16:45","date_gmt":"2020-06-23T15:16:45","guid":{"rendered":"http:\/\/www.zusjcbb.sk\/?page_id=7537"},"modified":"2020-07-01T11:05:23","modified_gmt":"2020-07-01T09:05:23","slug":"uspechy-2019-2020","status":"publish","type":"page","link":"https:\/\/www.zusjcbb.sk\/?page_id=7537","title":{"rendered":"\u00daSPECHY 2019 \/ 2020"},"content":{"rendered":"\n<h1 style=\"text-align:center\"><strong>ZU\u0160 J\u00e1na Cikkera Bansk\u00e1 Bystrica 2019 \/ 2020<\/strong><\/h1>\n\n\n\n<p style=\"text-align:center\"><strong>\u2217<\/strong><\/p>\n\n\n\n<h3><strong>SRDE\u010cNE OCENEN\u00ddM BLAHO\u017dEL\u00c1ME!<\/strong><\/h3>\n\n\n\n<p style=\"text-align:center\"><strong>\u2217<\/strong><\/p>\n\n\n\n<p>\u201eM\u00e1\u0161 umeleck\u00e9 \u010drevo?\u201c medzin\u00e1rodn\u00e1 umeleck\u00e1 s\u00fa\u0165a\u017e stredn\u00fdch \u0161k\u00f4l Bratislava<\/p>\n\n\n\n<p><strong>projekt \u017eiakov 2. miesto <\/strong><\/p>\n\n\n\n<p><strong>Zuzana Moj\u017ei\u0161ov\u00e1<\/strong><\/p>\n\n\n\n<p><strong><a href=\"https:\/\/www.zusjcbb.sk\/wp-content\/uploads\/2020\/07\/stredn\u00e9-\u0161koly-kri\u0161tof-e1593594308151.jpg\">Kri\u0161tof Teplan<\/a><\/strong><\/p>\n\n\n\n<p><strong><a href=\"https:\/\/www.zusjcbb.sk\/wp-content\/uploads\/2020\/07\/stredn\u00e9-\u0161koly-Katar\u00edna-e1593594257839.jpg\">Katar\u00edna Me\u010diarov\u00e1<\/a><\/strong><\/p>\n\n\n\n<p><strong>Alexandra S\u00falovcov\u00e1<\/strong><\/p>\n\n\n\n<p><strong><a href=\"https:\/\/www.zusjcbb.sk\/wp-content\/uploads\/2020\/07\/stredn\u00e9-\u0161koly-Ema-e1593594186493.jpg\">Ema Paul\u00ednyov\u00e1<\/a><\/strong><\/p>\n\n\n\n<p><strong>Silvia Jendri\u0161\u00e1kov\u00e1<\/strong><\/p>\n\n\n\n<p><strong>pedagogick\u00e9 vedenie &#8211; Mgr. Sandra Popa\u010f\u00e1kov\u00e1, PhD.<\/strong><\/p>\n\n\n\n<p><strong>*<\/strong><\/p>\n\n\n\n<p>48. ro\u010dn\u00edk medzin\u00e1rodnej detskej v\u00fdtvarnej s\u00fa\u0165a\u017ee Lidice \/\u010cesko\/<\/p>\n\n\n\n<p><strong>Dorota Golhov\u00e1 &#8211; \u010cestn\u00e9 uznanie<\/strong><\/p>\n\n\n\n<p><strong>Ag\u00e1ta \u0160vecov\u00e1 &#8211; \u010cestn\u00e9 uznanie<\/strong><\/p>\n\n\n\n<p><strong>pedagogick\u00e9 vedenie &#8211; Mgr. Sandra Popa\u010f\u00e1kov\u00e1, PhD.<\/strong><\/p>\n\n\n\n<p style=\"text-align:center\"><strong>*<\/strong><\/p>\n\n\n\n<p>Vesm\u00edr o\u010dami det\u00ed 2020, v\u00fdtvarn\u00e1 s\u00fa\u0165a\u017e \/okresn\u00e9 a&nbsp;celoslovensk\u00e9 kolo\/<\/p>\n\n\n\n<p><strong>Ocenen\u00e9 pr\u00e1ce v&nbsp;okresnom kole\/bez poradia\/ a postup do celoslovensk\u00e9ho kola :<\/strong><\/p>\n\n\n\n<p>4. kateg\u00f3ria: Z\u00e1kladn\u00e9 umeleck\u00e9 \u0161koly, 0. &#8211; 4. ro\u010dn\u00edk Z\u0160 a pr\u00edpravn\u00e9 \u0161t\u00fadium ZU\u0160 <\/p>\n\n\n\n<p><strong><a href=\"https:\/\/www.zusjcbb.sk\/wp-content\/uploads\/2020\/07\/Laura-Blahova-Vesm\u00edr-o\u010dami-det\u00ed.jpg\">Laura Blahov\u00e1<\/a> <\/strong><\/p>\n\n\n\n<p><strong>pedagogick\u00e9 vedenie \u2013 Mgr. Monika Barjakov\u00e1<\/strong><\/p>\n\n\n\n<p><strong>Sofia \u0160imkov\u00e1 <\/strong><\/p>\n\n\n\n<p><strong>pedagogick\u00e9 vedenie \u2013 Mgr. Eva\nBe\u0148a\u010dkov\u00e1, PhD.<\/strong><\/p>\n\n\n\n<p>5. kateg\u00f3ria: Z\u00e1kladn\u00e9 umeleck\u00e9 \u0161koly, 5. &#8211; 9. ro\u010dn\u00edk Z\u0160 <\/p>\n\n\n\n<p><strong><a href=\"https:\/\/www.zusjcbb.sk\/wp-content\/uploads\/2020\/07\/Matej-Kubi\u0161-Vesm\u00edr-o\u010dami-det\u00ed-okresn\u00e9-kolo.jpg\">Matej Kubi\u0161<\/a><\/strong><\/p>\n\n\n\n<p><strong>pedagogick\u00e9 vedenie &#8211; Mgr. Monika Barjakov\u00e1<\/strong><\/p>\n\n\n\n<p><strong>Ema Molitorisov\u00e1 <\/strong><\/p>\n\n\n\n<p><strong><a href=\"https:\/\/www.zusjcbb.sk\/wp-content\/uploads\/2020\/07\/Sofia-\u0160ev\u010d\u00edkov\u00e1-Vesm\u00edr-o\u010dami-det\u00ed.jpg\">Sofia \u0160ev\u010d\u00edkov\u00e1<\/a><\/strong><\/p>\n\n\n\n<p><strong>pedagogick\u00e9 vedenie &#8211; Mgr.&nbsp;Adri\u00e1naKosceln\u00edkov\u00e1, PhD.<\/strong><\/p>\n\n\n\n<p><\/p>\n\n\n\n<p><\/p>\n\n\n\n<p><\/p>\n\n\n\n<p>V\u00ed\u0165azn\u00e1 pr\u00e1ca v&nbsp;celoslovenskom kole:<\/p>\n\n\n\n<p><strong><a href=\"https:\/\/www.zusjcbb.sk\/wp-content\/uploads\/2020\/07\/Matej-Kubi\u0161_-vesm\u00edr-o\u010dami-det\u00ed-celoslovensk\u00e9-kolo-v\u00ed\u0165azn\u00e1-pr\u00e1ca.jpg\">Matej Kubi\u0161<\/a><\/strong><\/p>\n\n\n\n<p><strong>pedagogick\u00e9 vedenie &#8211; Mgr. Monika Barjakov\u00e1<\/strong><\/p>\n\n\n\n<p style=\"text-align:center\"><strong>*<\/strong><\/p>\n\n\n\n<p>4. ro\u010dn\u00edk region\u00e1lnej s\u00fa\u0165a\u017ee v&nbsp;hre na keyboarde Brezno<\/p>\n\n\n\n<p><strong><a href=\"https:\/\/www.zusjcbb.sk\/wp-content\/uploads\/2020\/07\/keyboard-Lucia-Lilith-2.-miesto.jpg\">Lucia Liith Lupt\u00e1kov\u00e1 \u2013 za 2. miesto v\u00a0tretej kateg\u00f3rii<\/a> <\/strong><\/p>\n\n\n\n<p><strong><a href=\"https:\/\/www.zusjcbb.sk\/wp-content\/uploads\/2020\/07\/keyboard-Martin-Monco\u013e-1_miesto.jpg\">Martin Monco\u013e \u2013 1. miesto v\u00a0tretej kateg\u00f3rii<\/a> <\/strong><\/p>\n\n\n\n<p><strong>pedagogick\u00e9 vedenie &#8211; Mgr. Zlatica Rebov\u00e1, DiS. art. <\/strong><\/p>\n\n\n\n<p style=\"text-align:center\"><strong>*<\/strong><\/p>\n\n\n\n<p>66. Okresn\u00e9kolo&nbsp; Hviezdoslavovho Kub\u00edna<\/p>\n\n\n\n<p><strong><a href=\"https:\/\/www.zusjcbb.sk\/wp-content\/uploads\/2020\/07\/Matej-\u010cuma_-okresn\u00e9-kolo_hviezdoslavov-kub\u00edn.jpg\">Matej \u010cuma \u2013 postup do region\u00e1lneho kola<\/a><\/strong><\/p>\n\n\n\n<p><strong>pedagogick\u00e9 vedenie \u2013 Mgr. art. Boris\nKov\u00e1\u010d<\/strong><\/p>\n\n\n\n<p style=\"text-align:center\"><strong>*\ufeff<\/strong><\/p>\n\n\n\n<p>\u201eViano\u010dn\u00e1 piese\u0148 2019\u201c s\u00f3listi, duet\u00e1, vok\u00e1lne skupiny a&nbsp;spev\u00e1cke zbory s\u00fa\u0165a\u017eiace pod\u013ea veku, Bratislava<\/p>\n\n\n\n<p><strong><a href=\"https:\/\/www.zusjcbb.sk\/wp-content\/uploads\/2020\/07\/Andrea-Snopkov\u00e1-_zlat\u00e9-p\u00e1smo-2.-miesto-_Viano\u010dn\u00e1-piese\u0148.jpg\">Andrea Snopkov\u00e1 \u2013 zlat\u00e9 p\u00e1smo 2. miesto<\/a><\/strong><\/p>\n\n\n\n<p><strong><a href=\"https:\/\/www.zusjcbb.sk\/wp-content\/uploads\/2020\/07\/Tamara-Vavr\u00edkov\u00e1_strieborn\u00e9-p\u00e1smo_-Viano\u010dn\u00e1-piese\u0148.jpg\">Tamara Vavr\u00edkov\u00e1 \u2013 strieborn\u00e9 p\u00e1smo<\/a><\/strong><\/p>\n\n\n\n<p><strong><a href=\"https:\/\/www.zusjcbb.sk\/wp-content\/uploads\/2020\/07\/Emily-Budayov\u00e1_-bronzov\u00e9-p\u00e1smo-_Viano\u010dn\u00e1-piese\u0148.jpg\">Emily Budayov\u00e1 \u2013 bronzov\u00e9 p\u00e1smo<\/a><\/strong><\/p>\n\n\n\n<p><strong>Pedagogick\u00e9 vedenie &#8211; Mgr. Dana \u0160t\u011bdro\u0148ov\u00e1<\/strong><\/p>\n\n\n\n<p><strong>Klav\u00edrna spolupr\u00e1ca &#8211; Mgr. art. et Mgr. Anna Burdov\u00e1, PhD.<\/strong><\/p>\n\n\n\n<p style=\"text-align:center\"><strong>*<\/strong><\/p>\n\n\n\n<p>\u201eDni Miklo\u0161a Ruppeldta\u201c s\u00fa\u0165a\u017e v&nbsp;komornej hre preklav\u00edrne du\u00e1, Bratislava<\/p>\n\n\n\n<p><strong><a href=\"https:\/\/www.zusjcbb.sk\/wp-content\/uploads\/2020\/07\/m-stanislav_d-buday-klav\u00edrne-du\u00e1.jpg\">Matej Stanislav a Daniel Buday \u2013 3. miesto<\/a><\/strong><\/p>\n\n\n\n<p><strong>pedagogick\u00e9 vedenie &#8211; Mgr. Miroslava Miklo\u0161kov\u00e1<\/strong><\/p>\n\n\n\n<p style=\"text-align:center\"><strong>*<\/strong><\/p>\n\n\n\n<p>23. ro\u010dn\u00edk s\u00fa\u0165a\u017ee mlad\u00fdch huslistov Pre\u0161porsk\u00fd Paganini, Bratislava<\/p>\n\n\n\n<p><strong>Samuel Minka &#8211; 2. miesto<\/strong><\/p>\n\n\n\n<p><strong><a href=\"https:\/\/www.zusjcbb.sk\/wp-content\/uploads\/2020\/06\/Ivan-Prievalsk\u00fd-Pre\u0161porsk\u00fd-Paganini-\u010cU.jpg\"><a href=\"https:\/\/www.zusjcbb.sk\/wp-content\/uploads\/2020\/06\/Miriam-Minkov\u00e1-Pre\u0161porsk\u00fd-Paganini.jpg\">Miriam Minkov\u00e1 &#8211; 2. miesto<\/a><\/a><\/strong><\/p>\n\n\n\n<p><strong><a href=\"https:\/\/www.zusjcbb.sk\/wp-content\/uploads\/2020\/06\/Ivan-Prievalsk\u00fd-Pre\u0161porsk\u00fd-Paganini-\u010cU.jpg\">Ivan Prievalsk\u00fd &#8211; \u010cestn\u00e9 uznanie<\/a><\/strong><\/p>\n\n\n\n<p><strong>pedagogick\u00e9 vedenie &#8211; Mgr. art. Evgenia Prievalsk\u00e1<\/strong><\/p>\n\n\n\n<p><strong>klav\u00edrna spolupr\u00e1ca &#8211; Mgr. art. Nat\u00e1lia Serdyukov\u00e1 &#8211; diplom za klav\u00edrny sprievod<\/strong><\/p>\n\n\n\n<p style=\"text-align:center\"><strong>*<\/strong><\/p>\n\n\n\n<p>XI. ro\u010dn\u00edk gitarovej s\u00fa\u0165a\u017ee, Prievidza 2019<\/p>\n\n\n\n<p><strong><a href=\"https:\/\/www.zusjcbb.sk\/wp-content\/uploads\/2020\/07\/Vikt\u00f3ria-Rajnohov\u00e1_-zlat\u00e9-p\u00e1smo_-gitarov\u00e1-s\u00fa\u0165a\u017e.jpg\">Vikt\u00f3ria Rajnohov\u00e1 &#8211; zlat\u00e9 p\u00e1smo<\/a><\/strong><\/p>\n\n\n\n<p><strong>pedagogick\u00e9 vedenie &#8211; Mgr. Miroslav Gregu\u0161ka<\/strong><\/p>\n\n\n\n<p style=\"text-align:center\"><strong>*\ufeff<\/strong><\/p>\n\n\n\n<p>Csontv\u00e1ryho slne\u010dn\u00e1 cesta detsk\u00fdmi o\u010dami, v\u00fdtvarn\u00e1 s\u00fa\u0165a\u017e Hali\u010d<\/p>\n\n\n\n<p><strong><a href=\"https:\/\/www.zusjcbb.sk\/wp-content\/uploads\/2020\/06\/Matej-Kubi\u0161-2_-miesto-Csontv\u00e1rryho-slne\u010dn\u00e1-cesta-detsk\u00fdmi-o\u010dami.jpg\">Matej Kubi\u0161 \u2013 2. miesto<\/a><\/strong><\/p>\n\n\n\n<p style=\"text-align:left\"><strong>pedagogick\u00e9 vedenie &#8211; Mgr. Monika Barjakov\u00e1<\/strong><\/p>\n\n\n\n<p style=\"text-align:center\"><strong>*<\/strong><\/p>\n\n\n\n<p>16. medzin\u00e1rodn\u00e1 v\u00fdtvarn\u00e1 s\u00fa\u0165a\u017e Viano\u010dn\u00e1 poh\u013eadnica, Doln\u00fd Kub\u00edn<\/p>\n\n\n\n<p><strong>Ol\u00edvia Orsz\u00e1gov\u00e1 &#8211; 1. miesto<\/strong><\/p>\n\n\n\n<p><strong>pedagogick\u00e9 vedenie &#8211; Mgr. Eva Be\u0148a\u010dkov\u00e1<\/strong><\/p>\n\n\n\n<p style=\"text-align:center\"><strong>*<\/strong><\/p>\n\n\n\n<p>S\u00fa\u0165a\u017e v&nbsp;divadelnej improviz\u00e1cii Bystrick\u00e1 improliga 2019, Bansk\u00e1 Bystrica<\/p>\n\n\n\n<p><strong><a href=\"https:\/\/www.zusjcbb.sk\/wp-content\/uploads\/2020\/06\/jednoduch\u0161\u00ed-bystrick\u00e1_bystrick\u00e1-improliga.jpg\">Dru\u017estvo \u201eJednoduch\u0161\u00ed\u201c<\/a> <\/strong><\/p>\n\n\n\n<p><strong>Jaroslav P\u00e1sler, Ale\u0161 Luka\u010dovi\u010d, Vladim\u00edra Mal\u010dekov\u00e1 &nbsp;&#8211; 1. miesto<\/strong><\/p>\n\n\n\n<p><strong><a href=\"https:\/\/www.zusjcbb.sk\/wp-content\/uploads\/2020\/07\/nikto-tu-nie-je_bystrick\u00e1-improliga.jpg\">Dru\u017estvo \u201eNikto tu nie je\u201c<\/a> <\/strong><\/p>\n\n\n\n<p><strong>Lujza Kal\u010dokov\u00e1, Krist\u00edna Nemcov\u00e1, Vladim\u00edra Mal\u010dekov\u00e1 -3. miesto<\/strong><\/p>\n\n\n\n<p><strong>Pedagogick\u00e9 vedenie \u2013 Mgr. art. Boris\nKov\u00e1\u010d<\/strong><\/p>\n\n\n\n<p style=\"text-align:center\"><strong>*<\/strong><\/p>\n\n\n\n<p>Celoslovensk\u00e1 s\u00fa\u0165a\u017en\u00e1 prehliadka \u201eMY DANCE 2019\u201c, Myjava<\/p>\n\n\n\n<p><strong>Tane\u010dn\u00fd odbor:<\/strong><\/p>\n\n\n\n<p><strong><a href=\"https:\/\/www.zusjcbb.sk\/wp-content\/uploads\/2020\/07\/Myjava-1_miesto-Svatoj\u00e1nske-mu\u0161ky.jpg\">&#8211; choreografia \u201eSv\u00e4toj\u00e1nske mu\u0161ky\u201c- 1.miesto<\/a><\/strong><\/p>\n\n\n\n<p><strong><a href=\"https:\/\/www.zusjcbb.sk\/wp-content\/uploads\/2020\/07\/Myjava-2_miesto-Hold-my-hand.jpg\">&#8211; choreografia \u201eHold my hand\u201c \u2013 2. miesto<\/a><\/strong><\/p>\n\n\n\n<p><strong><a href=\"https:\/\/www.zusjcbb.sk\/wp-content\/uploads\/2020\/07\/Myjava-2_miesto-Za-hus\u00e1ra-ma-dajte.jpg\">&#8211; Slovensk\u00fd \u013eudov\u00fd tanec \u201eZa hus\u00e1ra ma dajte\u201c -2. miesto<\/a><\/strong><\/p>\n\n\n\n<p><strong><a href=\"https:\/\/www.zusjcbb.sk\/wp-content\/uploads\/2020\/07\/Myjava-3_miesto-Hladina.jpg\">&#8211; Sc\u00e9nick\u00fd tanec \u201eHladina\u201c \u2013 3. miesto<\/a><\/strong><\/p>\n\n\n\n<p><strong><a href=\"https:\/\/www.zusjcbb.sk\/wp-content\/uploads\/2020\/07\/Myjava-cena-poroty-Za-hus\u00e1ra-ma-dajte.jpg\">&#8211; Za origin\u00e1lne stv\u00e1rnenie choreografie \u201eZa hus\u00e1ra ma dajte\u201c \u2013 Cena poroty<\/a><\/strong><\/p>\n","protected":false},"excerpt":{"rendered":"<p>ZU\u0160 J\u00e1na Cikkera Bansk\u00e1 Bystrica 2019 \/ 2020 \u2217 SRDE\u010cNE OCENEN\u00ddM BLAHO\u017dEL\u00c1ME! \u2217 \u201eM\u00e1\u0161 umeleck\u00e9 \u010drevo?\u201c medzin\u00e1rodn\u00e1 umeleck\u00e1 s\u00fa\u0165a\u017e stredn\u00fdch \u0161k\u00f4l Bratislava projekt \u017eiakov 2. miesto Zuzana Moj\u017ei\u0161ov\u00e1 Kri\u0161tof Teplan Katar\u00edna Me\u010diarov\u00e1 Alexandra S\u00falovcov\u00e1 Ema Paul\u00ednyov\u00e1 Silvia Jendri\u0161\u00e1kov\u00e1 pedagogick\u00e9 vedenie &#8211; Mgr. Sandra Popa\u010f\u00e1kov\u00e1, PhD. * 48. ro\u010dn\u00edk medzin\u00e1rodnej detskej v\u00fdtvarnej s\u00fa\u0165a\u017ee Lidice \/\u010cesko\/ Dorota&hellip;&nbsp;<a href=\"https:\/\/www.zusjcbb.sk\/?page_id=7537\" class=\"\" rel=\"bookmark\">\u010c\u00edta\u0165 viac &raquo;<span class=\"screen-reader-text\">\u00daSPECHY 2019 \/ 2020<\/span><\/a><\/p>\n","protected":false},"author":2,"featured_media":0,"parent":0,"menu_order":0,"comment_status":"closed","ping_status":"closed","template":"","meta":{"neve_meta_sidebar":"","neve_meta_container":"","neve_meta_enable_content_width":"","neve_meta_content_width":0,"neve_meta_title_alignment":"","neve_meta_author_avatar":"","neve_post_elements_order":"","neve_meta_disable_header":"","neve_meta_disable_footer":"","neve_meta_disable_title":""},"_links":{"self":[{"href":"https:\/\/www.zusjcbb.sk\/index.php?rest_route=\/wp\/v2\/pages\/7537"}],"collection":[{"href":"https:\/\/www.zusjcbb.sk\/index.php?rest_route=\/wp\/v2\/pages"}],"about":[{"href":"https:\/\/www.zusjcbb.sk\/index.php?rest_route=\/wp\/v2\/types\/page"}],"author":[{"embeddable":true,"href":"https:\/\/www.zusjcbb.sk\/index.php?rest_route=\/wp\/v2\/users\/2"}],"replies":[{"embeddable":true,"href":"https:\/\/www.zusjcbb.sk\/index.php?rest_route=%2Fwp%2Fv2%2Fcomments&post=7537"}],"version-history":[{"count":57,"href":"https:\/\/www.zusjcbb.sk\/index.php?rest_route=\/wp\/v2\/pages\/7537\/revisions"}],"predecessor-version":[{"id":7626,"href":"https:\/\/www.zusjcbb.sk\/index.php?rest_route=\/wp\/v2\/pages\/7537\/revisions\/7626"}],"wp:attachment":[{"href":"https:\/\/www.zusjcbb.sk\/index.php?rest_route=%2Fwp%2Fv2%2Fmedia&parent=7537"}],"curies":[{"name":"wp","href":"https:\/\/api.w.org\/{rel}","templated":true}]}}